{"id":7580,"date":"2023-04-11T14:43:22","date_gmt":"2023-04-11T13:43:22","guid":{"rendered":"http:\/\/tdi_697_88f"},"modified":"2026-02-21T09:04:05","modified_gmt":"2026-02-21T08:04:05","slug":"home","status":"publish","type":"page","link":"https:\/\/thedailyreports.com\/fr\/","title":{"rendered":"Accueil"},"content":{"rendered":"\t\t<div data-elementor-type=\"wp-page\" data-elementor-id=\"7580\" class=\"elementor elementor-7580\">\n\t\t\t\t\t\t<section class=\"has-el-gap el-gap-default elementor-section elementor-top-section elementor-element elementor-element-653ed36 elementor-section-boxed elementor-section-height-default elementor-section-height-default\" data-id=\"653ed36\" data-element_type=\"section\" data-e-type=\"section\" data-settings=\"{&quot;background_background&quot;:&quot;classic&quot;}\">\n\t\t\t\t\t\t<div class=\"elementor-container elementor-column-gap-no\">\n\t\t\t\t\t<div class=\"elementor-column elementor-col-100 elementor-top-column elementor-element elementor-element-747a68f2\" data-id=\"747a68f2\" data-element_type=\"column\" data-e-type=\"column\">\n\t\t\t<div class=\"elementor-widget-wrap elementor-element-populated\">\n\t\t\t\t\t\t<div class=\"elementor-element elementor-element-9a2822a elementor-widget elementor-widget-smartmag-postssmall\" data-id=\"9a2822a\" data-element_type=\"widget\" data-e-type=\"widget\" data-widget_type=\"smartmag-postssmall.default\">\n\t\t\t\t<div class=\"elementor-widget-container\">\n\t\t\t\t\t\t\t<section class=\"block-wrap block-posts-small block-sc mb-none\" data-id=\"1\">\n\n\t\t\t\t\n\t\t\t<div class=\"block-content\">\n\t\t\t\t\n\t<div class=\"loop loop-small loop-small- loop-sep-col grid grid-4 md:grid-2 sm:grid-2 xs:grid-1\">\n\n\t\t\t\t\t\n<article class=\"l-post small-post m-pos-right\">\n\n\t\n\t\t\t<div class=\"media\">\n\n\t\t\n\t\t\t<a href=\"https:\/\/thedailyreports.com\/fr\/2024\/03\/01\/comment-le-qatar-a-aide-les-houthis-a-devenir-une-menace-pour-toute-la-region-du-moyen-orient\/\" class=\"image-link media-ratio ratio-is-custom\" title=\"Comment le Qatar a aid\u00e9 les Houthis \u00e0 devenir une menace pour toute la r\u00e9gion du Moyen-Orient\"><img decoding=\"async\" width=\"160\" height=\"133\" src=\"https:\/\/thedailyreports.com\/fr\/wp-content\/uploads\/2024\/03\/DQFRAUGIWFD43PYMF7PBOJ27LU-640x427.jpg\" class=\"attachment-medium size-medium wp-post-image\" alt=\"\" sizes=\"(max-width: 160px) 100vw, 160px\" title=\"Comment le Qatar a aid\u00e9 les Houthis \u00e0 devenir une menace pour toute la r\u00e9gion du Moyen-Orient\" srcset=\"https:\/\/thedailyreports.com\/fr\/wp-content\/uploads\/2024\/03\/DQFRAUGIWFD43PYMF7PBOJ27LU-640x427.jpg 640w, https:\/\/thedailyreports.com\/fr\/wp-content\/uploads\/2024\/03\/DQFRAUGIWFD43PYMF7PBOJ27LU-1280x853.jpg 1280w\" \/><\/a>\t\t\t\n\t\t\t\n\t\t\t\n\t\t\t\n\t\t\n\t\t<\/div>\n\t\n\n\t\n\t\t<div class=\"content\">\n\n\t\t\t<div class=\"post-meta post-meta-a post-meta-left\"><div class=\"post-meta-items meta-above\"><span class=\"meta-item post-cat\">\n\t\t\t\t\t\t\n\t\t\t\t\t\t<a href=\"https:\/\/thedailyreports.com\/fr\/category\/analyse-politique\/\" class=\"category term-color-114\" rel=\"category\">Analyse politique<\/a>\n\t\t\t\t\t<\/span>\n\t\t\t\t\t<\/div><h4 class=\"is-title post-title limit-lines l-lines-2\"><a href=\"https:\/\/thedailyreports.com\/fr\/2024\/03\/01\/comment-le-qatar-a-aide-les-houthis-a-devenir-une-menace-pour-toute-la-region-du-moyen-orient\/\">Comment le Qatar a aid\u00e9 les Houthis \u00e0 devenir une menace pour toute la r\u00e9gion du Moyen-Orient<\/a><\/h4><\/div>\t\t\t\n\t\t\t\n\t\t\t\n\t\t<\/div>\n\n\t\n<\/article>\t\n\t\t\t\t\t\n<article class=\"l-post small-post m-pos-right\">\n\n\t\n\t\t\t<div class=\"media\">\n\n\t\t\n\t\t\t<a href=\"https:\/\/thedailyreports.com\/fr\/2024\/02\/28\/liran-compte-se-servir-du-mont-du-temple-pour-provoquer-un-nouvel-embrasement-pendant-le-mois-de-ramadan-selon-israel\/\" class=\"image-link media-ratio ratio-is-custom\" title=\"L\u2019Iran compte se servir du Mont du Temple pour provoquer un nouvel embrasement pendant le mois de Ramadan, selon Isra\u00ebl\"><img decoding=\"async\" width=\"160\" height=\"133\" src=\"https:\/\/thedailyreports.com\/fr\/wp-content\/uploads\/2024\/02\/guerre-israel-iran-640x360.webp\" class=\"attachment-medium size-medium wp-post-image\" alt=\"\" sizes=\"(max-width: 160px) 100vw, 160px\" title=\"L\u2019Iran compte se servir du Mont du Temple pour provoquer un nouvel embrasement pendant le mois de Ramadan, selon Isra\u00ebl\" srcset=\"https:\/\/thedailyreports.com\/fr\/wp-content\/uploads\/2024\/02\/guerre-israel-iran-640x360.webp 640w, https:\/\/thedailyreports.com\/fr\/wp-content\/uploads\/2024\/02\/guerre-israel-iran.webp 1024w\" \/><\/a>\t\t\t\n\t\t\t\n\t\t\t\n\t\t\t\n\t\t\n\t\t<\/div>\n\t\n\n\t\n\t\t<div class=\"content\">\n\n\t\t\t<div class=\"post-meta post-meta-a post-meta-left\"><div class=\"post-meta-items meta-above\"><span class=\"meta-item post-cat\">\n\t\t\t\t\t\t\n\t\t\t\t\t\t<a href=\"https:\/\/thedailyreports.com\/fr\/category\/iran\/\" class=\"category term-color-25\" rel=\"category\">Iran<\/a>\n\t\t\t\t\t<\/span>\n\t\t\t\t\t<\/div><h4 class=\"is-title post-title limit-lines l-lines-2\"><a href=\"https:\/\/thedailyreports.com\/fr\/2024\/02\/28\/liran-compte-se-servir-du-mont-du-temple-pour-provoquer-un-nouvel-embrasement-pendant-le-mois-de-ramadan-selon-israel\/\">L\u2019Iran compte se servir du Mont du Temple pour provoquer un nouvel embrasement pendant le mois de Ramadan, selon Isra\u00ebl<\/a><\/h4><\/div>\t\t\t\n\t\t\t\n\t\t\t\n\t\t<\/div>\n\n\t\n<\/article>\t\n\t\t\t\t\t\n<article class=\"l-post small-post m-pos-right\">\n\n\t\n\t\t\t<div class=\"media\">\n\n\t\t\n\t\t\t<a href=\"https:\/\/thedailyreports.com\/fr\/2024\/02\/27\/iran-des-centaines-dactivistes-civiles-et-politiques-boycottent-les-elections\/\" class=\"image-link media-ratio ratio-is-custom\" title=\"Iran : des centaines d\u2019activistes civiles et politiques boycottent les \u00e9lections\"><img decoding=\"async\" width=\"160\" height=\"133\" src=\"https:\/\/thedailyreports.com\/fr\/wp-content\/uploads\/2024\/02\/210618021403-04-iran-election-day-0618-raisi-640x427.jpg\" class=\"attachment-medium size-medium wp-post-image\" alt=\"\" sizes=\"(max-width: 160px) 100vw, 160px\" title=\"Iran : des centaines d\u2019activistes civiles et politiques boycottent les \u00e9lections\" srcset=\"https:\/\/thedailyreports.com\/fr\/wp-content\/uploads\/2024\/02\/210618021403-04-iran-election-day-0618-raisi-640x427.jpg 640w, https:\/\/thedailyreports.com\/fr\/wp-content\/uploads\/2024\/02\/210618021403-04-iran-election-day-0618-raisi-1280x853.jpg 1280w\" \/><\/a>\t\t\t\n\t\t\t\n\t\t\t\n\t\t\t\n\t\t\n\t\t<\/div>\n\t\n\n\t\n\t\t<div class=\"content\">\n\n\t\t\t<div class=\"post-meta post-meta-a post-meta-left\"><div class=\"post-meta-items meta-above\"><span class=\"meta-item post-cat\">\n\t\t\t\t\t\t\n\t\t\t\t\t\t<a href=\"https:\/\/thedailyreports.com\/fr\/category\/iran\/\" class=\"category term-color-25\" rel=\"category\">Iran<\/a>\n\t\t\t\t\t<\/span>\n\t\t\t\t\t<\/div><h4 class=\"is-title post-title limit-lines l-lines-2\"><a href=\"https:\/\/thedailyreports.com\/fr\/2024\/02\/27\/iran-des-centaines-dactivistes-civiles-et-politiques-boycottent-les-elections\/\">Iran : des centaines d\u2019activistes civiles et politiques boycottent les \u00e9lections<\/a><\/h4><\/div>\t\t\t\n\t\t\t\n\t\t\t\n\t\t<\/div>\n\n\t\n<\/article>\t\n\t\t\t\t\t\n<article class=\"l-post small-post m-pos-right\">\n\n\t\n\t\t\t<div class=\"media\">\n\n\t\t\n\t\t\t<a href=\"https:\/\/thedailyreports.com\/fr\/2024\/02\/26\/historique-des-relations-entre-liran-et-les-groupes-islamiques-palestiniens\/\" class=\"image-link media-ratio ratio-is-custom\" title=\"Historique des relations entre l\u2019Iran et les groupes islamiques palestiniens\"><img loading=\"lazy\" decoding=\"async\" width=\"160\" height=\"133\" src=\"https:\/\/thedailyreports.com\/fr\/wp-content\/uploads\/2024\/02\/hamas_primeminister-640x394.webp\" class=\"attachment-medium size-medium wp-post-image\" alt=\"\" sizes=\"(max-width: 160px) 100vw, 160px\" title=\"Historique des relations entre l\u2019Iran et les groupes islamiques palestiniens\" srcset=\"https:\/\/thedailyreports.com\/fr\/wp-content\/uploads\/2024\/02\/hamas_primeminister-640x394.webp 640w, https:\/\/thedailyreports.com\/fr\/wp-content\/uploads\/2024\/02\/hamas_primeminister.webp 1000w\" \/><\/a>\t\t\t\n\t\t\t\n\t\t\t\n\t\t\t\n\t\t\n\t\t<\/div>\n\t\n\n\t\n\t\t<div class=\"content\">\n\n\t\t\t<div class=\"post-meta post-meta-a post-meta-left\"><div class=\"post-meta-items meta-above\"><span class=\"meta-item post-cat\">\n\t\t\t\t\t\t\n\t\t\t\t\t\t<a href=\"https:\/\/thedailyreports.com\/fr\/category\/analyse-politique\/\" class=\"category term-color-114\" rel=\"category\">Analyse politique<\/a>\n\t\t\t\t\t<\/span>\n\t\t\t\t\t<\/div><h4 class=\"is-title post-title limit-lines l-lines-2\"><a href=\"https:\/\/thedailyreports.com\/fr\/2024\/02\/26\/historique-des-relations-entre-liran-et-les-groupes-islamiques-palestiniens\/\">Historique des relations entre l\u2019Iran et les groupes islamiques palestiniens<\/a><\/h4><\/div>\t\t\t\n\t\t\t\n\t\t\t\n\t\t<\/div>\n\n\t\n<\/article>\t\n\t\t\n\t<\/div>\n\n\t\t\t\t\t<\/div>\n\n\t\t<\/section>\n\t\t\t\t\t\t<\/div>\n\t\t\t\t<\/div>\n\t\t\t\t\t<\/div>\n\t\t<\/div>\n\t\t\t\t\t<\/div>\n\t\t<\/section>\n\t\t\t\t<section class=\"has-el-gap el-gap-default elementor-section elementor-top-section elementor-element elementor-element-1f36d21a elementor-section-boxed elementor-section-height-default elementor-section-height-default\" data-id=\"1f36d21a\" data-element_type=\"section\" data-e-type=\"section\">\n\t\t\t\t\t\t<div class=\"elementor-container elementor-column-gap-no\">\n\t\t\t\t\t<div class=\"elementor-column elementor-col-50 elementor-top-column elementor-element elementor-element-67621eab\" data-id=\"67621eab\" data-element_type=\"column\" data-e-type=\"column\">\n\t\t\t<div class=\"elementor-widget-wrap elementor-element-populated\">\n\t\t\t\t\t\t<div class=\"elementor-element elementor-element-2e3ddaa6 elementor-widget elementor-widget-smartmag-large\" data-id=\"2e3ddaa6\" data-element_type=\"widget\" data-e-type=\"widget\" data-widget_type=\"smartmag-large.default\">\n\t\t\t\t<div class=\"elementor-widget-container\">\n\t\t\t\t\t\t\t<section class=\"block-wrap block-large block-sc mb-none\" data-id=\"2\">\n\n\t\t\t\t\n\t\t\t<div class=\"block-content\">\n\t\t\t\t\t\n\t<div class=\"loop loop-grid loop-grid-lg grid grid-1 md:grid-1 xs:grid-1\">\n\n\t\t\t\t\t\n<article class=\"l-post grid-post grid-lg-post\">\n\n\t\t\t<div class=\"content-above\">\n\t\t\t<div class=\"post-meta post-meta-a has-below\"><h2 class=\"is-title post-title\"><a href=\"https:\/\/thedailyreports.com\/fr\/2024\/03\/01\/comment-le-qatar-a-aide-les-houthis-a-devenir-une-menace-pour-toute-la-region-du-moyen-orient\/\">Comment le Qatar a aid\u00e9 les Houthis \u00e0 devenir une menace pour toute la r\u00e9gion du Moyen-Orient<\/a><\/h2><div class=\"post-meta-items meta-below\"><span class=\"meta-item post-cat\">\n\t\t\t\t\t\t\n\t\t\t\t\t\t<a href=\"https:\/\/thedailyreports.com\/fr\/category\/analyse-politique\/\" class=\"category term-color-114\" rel=\"category\">Analyse politique<\/a>\n\t\t\t\t\t<\/span>\n\t\t\t\t\t<span class=\"meta-item post-author\"><span class=\"by\">By<\/span> <a href=\"https:\/\/thedailyreports.com\/fr\/author\/haythem\/\" title=\"Posts by The Daily Reports\" rel=\"author\">The Daily Reports<\/a><\/span><span class=\"meta-item date\"><span class=\"date-link\"><time class=\"post-date\" datetime=\"2024-03-01T00:22:16+01:00\">March 1, 2024<\/time><\/span><\/span><\/div><\/div>\t\t<\/div>\n\t\n\t\t\t<div class=\"media\">\n\n\t\t\n\t\t\t<a href=\"https:\/\/thedailyreports.com\/fr\/2024\/03\/01\/comment-le-qatar-a-aide-les-houthis-a-devenir-une-menace-pour-toute-la-region-du-moyen-orient\/\" class=\"image-link media-ratio ar-bunyad-main\" title=\"Comment le Qatar a aid\u00e9 les Houthis \u00e0 devenir une menace pour toute la r\u00e9gion du Moyen-Orient\"><img loading=\"lazy\" decoding=\"async\" width=\"801\" height=\"524\" src=\"https:\/\/thedailyreports.com\/fr\/wp-content\/uploads\/2024\/03\/DQFRAUGIWFD43PYMF7PBOJ27LU-1280x853.jpg\" class=\"attachment-large size-large wp-post-image\" alt=\"\" sizes=\"(max-width: 801px) 100vw, 801px\" title=\"Comment le Qatar a aid\u00e9 les Houthis \u00e0 devenir une menace pour toute la r\u00e9gion du Moyen-Orient\" srcset=\"https:\/\/thedailyreports.com\/fr\/wp-content\/uploads\/2024\/03\/DQFRAUGIWFD43PYMF7PBOJ27LU-1280x853.jpg 1280w, https:\/\/thedailyreports.com\/fr\/wp-content\/uploads\/2024\/03\/DQFRAUGIWFD43PYMF7PBOJ27LU-640x427.jpg 640w\" \/><\/a>\t\t\t\n\t\t\t\n\t\t\t\n\t\t\t\n\t\t\n\t\t<\/div>\n\t\n\n\t\n\t\t<div class=\"content\">\n\n\t\t\t\t\t\t\n\t\t\t\t\t\t\n\t\t\t\t<div class=\"excerpt\">\n\t\t\t\t\t<p>Depuis des mois, la milice Houthi du Y\u00e9men, qui se fait \u00e9galement appeler \u00ab Ansar Allah \u00bb (Partisans de Dieu), lance des missiles sur Isra\u00ebl et bloque les voies maritimes internationales sur la mer Rouge. Ses membres ex\u00e9cutent des danses traditionnelles y\u00e9m\u00e9nites sur les navires qu&#8217;ils saisissent&hellip;<\/p>\n\t\t\t\t<\/div>\n\t\t\t\n\t\t\t\n\t\t\t\n\t\t\t\t<a href=\"https:\/\/thedailyreports.com\/fr\/2024\/03\/01\/comment-le-qatar-a-aide-les-houthis-a-devenir-une-menace-pour-toute-la-region-du-moyen-orient\/\" class=\"read-more-link read-more-btn ts-button ts-button-alt\">\n\t\t\t\t\tRead More\t\t\t\t<\/a>\n\n\t\t\t\n\t\t<\/div>\n\n\t\n<\/article>\t\t\n\t<\/div>\n\n\t\t\n\t\t\t<\/div>\n\n\t\t<\/section>\n\t\t\t\t\t\t<\/div>\n\t\t\t\t<\/div>\n\t\t\t\t<div class=\"elementor-element elementor-element-45e59183 elementor-widget-divider--view-line elementor-widget elementor-widget-divider\" data-id=\"45e59183\" data-element_type=\"widget\" data-e-type=\"widget\" data-widget_type=\"divider.default\">\n\t\t\t\t\t\t\t<div class=\"elementor-divider\">\n\t\t\t<span class=\"elementor-divider-separator\">\n\t\t\t\t\t\t<\/span>\n\t\t<\/div>\n\t\t\t\t\t\t<\/div>\n\t\t\t\t<div class=\"elementor-element elementor-element-279d904d elementor-widget elementor-widget-smartmag-postslist\" data-id=\"279d904d\" data-element_type=\"widget\" data-e-type=\"widget\" data-widget_type=\"smartmag-postslist.default\">\n\t\t\t\t<div class=\"elementor-widget-container\">\n\t\t\t\t\t\t\t<section class=\"block-wrap block-posts-list block-sc mb-none\" data-id=\"3\">\n\n\t\t\t\t\n\t\t\t<div class=\"block-content\">\n\t\t\t\t\t\n\t<div class=\"loop loop-list loop-sep loop-list-sep grid grid-1 md:grid-1 sm:grid-1\">\n\n\t\t\t\t\n\t\t\t\n<article class=\"l-post list-post list-post-on-sm m-pos-right\">\n\n\t\n\t\t\t<div class=\"media\">\n\n\t\t\n\t\t\t<a href=\"https:\/\/thedailyreports.com\/fr\/2024\/02\/28\/liran-compte-se-servir-du-mont-du-temple-pour-provoquer-un-nouvel-embrasement-pendant-le-mois-de-ramadan-selon-israel\/\" class=\"image-link media-ratio ratio-is-custom\" title=\"L\u2019Iran compte se servir du Mont du Temple pour provoquer un nouvel embrasement pendant le mois de Ramadan, selon Isra\u00ebl\"><img loading=\"lazy\" decoding=\"async\" width=\"169\" height=\"135\" src=\"https:\/\/thedailyreports.com\/fr\/wp-content\/uploads\/2024\/02\/guerre-israel-iran-640x360.webp\" class=\"attachment-medium size-medium wp-post-image\" alt=\"\" sizes=\"(max-width: 169px) 100vw, 169px\" title=\"L\u2019Iran compte se servir du Mont du Temple pour provoquer un nouvel embrasement pendant le mois de Ramadan, selon Isra\u00ebl\" srcset=\"https:\/\/thedailyreports.com\/fr\/wp-content\/uploads\/2024\/02\/guerre-israel-iran-640x360.webp 640w, https:\/\/thedailyreports.com\/fr\/wp-content\/uploads\/2024\/02\/guerre-israel-iran.webp 1024w\" \/><\/a>\t\t\t\n\t\t\t\n\t\t\t\n\t\t\t\n\t\t\n\t\t<\/div>\n\t\n\n\t\n\t\t<div class=\"content\">\n\n\t\t\t<div class=\"post-meta post-meta-a\"><h2 class=\"is-title post-title\"><a href=\"https:\/\/thedailyreports.com\/fr\/2024\/02\/28\/liran-compte-se-servir-du-mont-du-temple-pour-provoquer-un-nouvel-embrasement-pendant-le-mois-de-ramadan-selon-israel\/\">L\u2019Iran compte se servir du Mont du Temple pour provoquer un nouvel embrasement pendant le mois de Ramadan, selon Isra\u00ebl<\/a><\/h2><\/div>\t\t\t\n\t\t\t\t\t\t\n\t\t\t\t<div class=\"excerpt\">\n\t\t\t\t\t<p>Le ministre isra\u00e9lien de la D\u00e9fense Yoav Gallant a d\u00e9clar\u00e9 mardi que l&#8217;Iran, le Hezbollah et le Hamas tentent de&hellip;<\/p>\n\t\t\t\t<\/div>\n\t\t\t\n\t\t\t\n\t\t\t\n\t\t<\/div>\n\n\t\n<\/article>\n\t\t\t\t\n\t\t\t\n<article class=\"l-post list-post list-post-on-sm m-pos-right\">\n\n\t\n\t\t\t<div class=\"media\">\n\n\t\t\n\t\t\t<a href=\"https:\/\/thedailyreports.com\/fr\/2024\/02\/27\/iran-des-centaines-dactivistes-civiles-et-politiques-boycottent-les-elections\/\" class=\"image-link media-ratio ratio-is-custom\" title=\"Iran : des centaines d\u2019activistes civiles et politiques boycottent les \u00e9lections\"><img loading=\"lazy\" decoding=\"async\" width=\"169\" height=\"135\" src=\"https:\/\/thedailyreports.com\/fr\/wp-content\/uploads\/2024\/02\/210618021403-04-iran-election-day-0618-raisi-640x427.jpg\" class=\"attachment-medium size-medium wp-post-image\" alt=\"\" sizes=\"(max-width: 169px) 100vw, 169px\" title=\"Iran : des centaines d\u2019activistes civiles et politiques boycottent les \u00e9lections\" srcset=\"https:\/\/thedailyreports.com\/fr\/wp-content\/uploads\/2024\/02\/210618021403-04-iran-election-day-0618-raisi-640x427.jpg 640w, https:\/\/thedailyreports.com\/fr\/wp-content\/uploads\/2024\/02\/210618021403-04-iran-election-day-0618-raisi-1280x853.jpg 1280w\" \/><\/a>\t\t\t\n\t\t\t\n\t\t\t\n\t\t\t\n\t\t\n\t\t<\/div>\n\t\n\n\t\n\t\t<div class=\"content\">\n\n\t\t\t<div class=\"post-meta post-meta-a\"><h2 class=\"is-title post-title\"><a href=\"https:\/\/thedailyreports.com\/fr\/2024\/02\/27\/iran-des-centaines-dactivistes-civiles-et-politiques-boycottent-les-elections\/\">Iran : des centaines d\u2019activistes civiles et politiques boycottent les \u00e9lections<\/a><\/h2><\/div>\t\t\t\n\t\t\t\t\t\t\n\t\t\t\t<div class=\"excerpt\">\n\t\t\t\t\t<p>Plus de 270 militants civils et politiques iraniens ont publi\u00e9 une d\u00e9claration annon\u00e7ant leur intention de boycotter les \u00e9lections l\u00e9gislatives&hellip;<\/p>\n\t\t\t\t<\/div>\n\t\t\t\n\t\t\t\n\t\t\t\n\t\t<\/div>\n\n\t\n<\/article>\n\t\t\t\t\n\t\t\t\n<article class=\"l-post list-post list-post-on-sm m-pos-right\">\n\n\t\n\t\t\t<div class=\"media\">\n\n\t\t\n\t\t\t<a href=\"https:\/\/thedailyreports.com\/fr\/2024\/02\/26\/historique-des-relations-entre-liran-et-les-groupes-islamiques-palestiniens\/\" class=\"image-link media-ratio ratio-is-custom\" title=\"Historique des relations entre l\u2019Iran et les groupes islamiques palestiniens\"><img loading=\"lazy\" decoding=\"async\" width=\"169\" height=\"135\" src=\"https:\/\/thedailyreports.com\/fr\/wp-content\/uploads\/2024\/02\/hamas_primeminister-640x394.webp\" class=\"attachment-medium size-medium wp-post-image\" alt=\"\" sizes=\"(max-width: 169px) 100vw, 169px\" title=\"Historique des relations entre l\u2019Iran et les groupes islamiques palestiniens\" srcset=\"https:\/\/thedailyreports.com\/fr\/wp-content\/uploads\/2024\/02\/hamas_primeminister-640x394.webp 640w, https:\/\/thedailyreports.com\/fr\/wp-content\/uploads\/2024\/02\/hamas_primeminister.webp 1000w\" \/><\/a>\t\t\t\n\t\t\t\n\t\t\t\n\t\t\t\n\t\t\n\t\t<\/div>\n\t\n\n\t\n\t\t<div class=\"content\">\n\n\t\t\t<div class=\"post-meta post-meta-a\"><h2 class=\"is-title post-title\"><a href=\"https:\/\/thedailyreports.com\/fr\/2024\/02\/26\/historique-des-relations-entre-liran-et-les-groupes-islamiques-palestiniens\/\">Historique des relations entre l\u2019Iran et les groupes islamiques palestiniens<\/a><\/h2><\/div>\t\t\t\n\t\t\t\t\t\t\n\t\t\t\t<div class=\"excerpt\">\n\t\t\t\t\t<p>Bien qu\u2019il n\u2019y ait aucune preuve de l\u2019implication de l\u2019Iran dans les attentats du 7 octobre, il est de notori\u00e9t\u00e9&hellip;<\/p>\n\t\t\t\t<\/div>\n\t\t\t\n\t\t\t\n\t\t\t\n\t\t<\/div>\n\n\t\n<\/article>\n\t\t\t\t\n\t\t\t\n<article class=\"l-post list-post list-post-on-sm m-pos-right\">\n\n\t\n\t\t\t<div class=\"media\">\n\n\t\t\n\t\t\t<a href=\"https:\/\/thedailyreports.com\/fr\/2024\/02\/25\/tunisie-premiere-conference-dun-parti-politique-issu-des-entrailles-dennahda\/\" class=\"image-link media-ratio ratio-is-custom\" title=\"Tunisie\u00a0: Premi\u00e8re conf\u00e9rence d\u2019un parti politique issu des entrailles d\u2019Ennahda et proche du Hamas\"><img loading=\"lazy\" decoding=\"async\" width=\"169\" height=\"135\" src=\"https:\/\/thedailyreports.com\/fr\/wp-content\/uploads\/2024\/02\/abdellatif-mekki-2-640x336.jpg\" class=\"attachment-medium size-medium wp-post-image\" alt=\"\" sizes=\"(max-width: 169px) 100vw, 169px\" title=\"Tunisie\u00a0: Premi\u00e8re conf\u00e9rence d\u2019un parti politique issu des entrailles d\u2019Ennahda et proche du Hamas\" srcset=\"https:\/\/thedailyreports.com\/fr\/wp-content\/uploads\/2024\/02\/abdellatif-mekki-2-640x336.jpg 640w, https:\/\/thedailyreports.com\/fr\/wp-content\/uploads\/2024\/02\/abdellatif-mekki-2.jpg 1200w\" \/><\/a>\t\t\t\n\t\t\t\n\t\t\t\n\t\t\t\n\t\t\n\t\t<\/div>\n\t\n\n\t\n\t\t<div class=\"content\">\n\n\t\t\t<div class=\"post-meta post-meta-a\"><h2 class=\"is-title post-title\"><a href=\"https:\/\/thedailyreports.com\/fr\/2024\/02\/25\/tunisie-premiere-conference-dun-parti-politique-issu-des-entrailles-dennahda\/\">Tunisie\u00a0: Premi\u00e8re conf\u00e9rence d\u2019un parti politique issu des entrailles d\u2019Ennahda et proche du Hamas<\/a><\/h2><\/div>\t\t\t\n\t\t\t\t\t\t\n\t\t\t\t<div class=\"excerpt\">\n\t\t\t\t\t<p>Aujourd&#8217;hui, le parti tunisien \u00ab Aamal wa Injez \u00bb (Actions et R\u00e9alisation) a tenu sa premi\u00e8re conf\u00e9rence. \u00ab Cette conf\u00e9rence intervient dans&hellip;<\/p>\n\t\t\t\t<\/div>\n\t\t\t\n\t\t\t\n\t\t\t\n\t\t<\/div>\n\n\t\n<\/article>\n\t\t\n\t<\/div>\n\n\t\t\t\t\t<\/div>\n\n\t\t<\/section>\n\t\t\t\t\t\t<\/div>\n\t\t\t\t<\/div>\n\t\t\t\t\t<\/div>\n\t\t<\/div>\n\t\t\t\t<div class=\"elementor-column elementor-col-25 elementor-top-column elementor-element elementor-element-25f4ba63 ts-sticky-col el-col-sep\" data-id=\"25f4ba63\" data-element_type=\"column\" data-e-type=\"column\">\n\t\t\t<div class=\"elementor-widget-wrap elementor-element-populated\">\n\t\t\t\t\t\t<div class=\"elementor-element elementor-element-3a71836c elementor-widget elementor-widget-smartmag-grid\" data-id=\"3a71836c\" data-element_type=\"widget\" data-e-type=\"widget\" data-widget_type=\"smartmag-grid.default\">\n\t\t\t\t<div class=\"elementor-widget-container\">\n\t\t\t\t\t\t\t<section class=\"block-wrap block-grid block-sc mb-none\" data-id=\"4\">\n\n\t\t\t\t\n\t\t\t<div class=\"block-content\">\n\t\t\t\t\t\n\t<div class=\"loop loop-grid loop-grid-base grid grid-1 md:grid-1 xs:grid-1\">\n\n\t\t\t\t\t\n<article class=\"l-post grid-post grid-base-post\">\n\n\t\n\t\t\t<div class=\"media\">\n\n\t\t\n\t\t\t<a href=\"https:\/\/thedailyreports.com\/fr\/2024\/02\/23\/que-savait-le-qatar-du-plan-du-7-octobre-et-pourquoi-avoir-garde-le-silence\/\" class=\"image-link media-ratio ar-bunyad-grid\" title=\"Que savait le Qatar du plan du 7 octobre et pourquoi avoir gard\u00e9 le silence\u00a0?\"><img loading=\"lazy\" decoding=\"async\" width=\"383\" height=\"216\" src=\"https:\/\/thedailyreports.com\/fr\/wp-content\/uploads\/2024\/02\/\u05de\u05e4\u05d5\u05e6\u05dc\u05ea-\u05e0\u05ea\u05e0\u05d9\u05d4\u05d5-\u05d5\u05d0\u05de\u05d9\u05e8-\u05e7\u05d8\u05e8.jpg\" class=\"attachment-large size-large wp-post-image\" alt=\"\" sizes=\"(max-width: 383px) 100vw, 383px\" title=\"Que savait le Qatar du plan du 7 octobre et pourquoi avoir gard\u00e9 le silence\u00a0?\" srcset=\"https:\/\/thedailyreports.com\/fr\/wp-content\/uploads\/2024\/02\/\u05de\u05e4\u05d5\u05e6\u05dc\u05ea-\u05e0\u05ea\u05e0\u05d9\u05d4\u05d5-\u05d5\u05d0\u05de\u05d9\u05e8-\u05e7\u05d8\u05e8.jpg 1200w, https:\/\/thedailyreports.com\/fr\/wp-content\/uploads\/2024\/02\/\u05de\u05e4\u05d5\u05e6\u05dc\u05ea-\u05e0\u05ea\u05e0\u05d9\u05d4\u05d5-\u05d5\u05d0\u05de\u05d9\u05e8-\u05e7\u05d8\u05e8-640x359.jpg 640w\" \/><\/a>\t\t\t\n\t\t\t\n\t\t\t\n\t\t\t\n\t\t\n\t\t<\/div>\n\t\n\n\t\n\t\t<div class=\"content\">\n\n\t\t\t<div class=\"post-meta post-meta-a has-below\"><h2 class=\"is-title post-title\"><a href=\"https:\/\/thedailyreports.com\/fr\/2024\/02\/23\/que-savait-le-qatar-du-plan-du-7-octobre-et-pourquoi-avoir-garde-le-silence\/\">Que savait le Qatar du plan du 7 octobre et pourquoi avoir gard\u00e9 le silence\u00a0?<\/a><\/h2><div class=\"post-meta-items meta-below\"><span class=\"meta-item post-cat\">\n\t\t\t\t\t\t\n\t\t\t\t\t\t<a href=\"https:\/\/thedailyreports.com\/fr\/category\/analyse-politique\/\" class=\"category term-color-114\" rel=\"category\">Analyse politique<\/a>\n\t\t\t\t\t<\/span>\n\t\t\t\t\t<span class=\"meta-item date\"><span class=\"date-link\"><time class=\"post-date\" datetime=\"2024-02-23T17:59:47+01:00\">February 23, 2024<\/time><\/span><\/span><\/div><\/div>\t\t\t\n\t\t\t\t\t\t\n\t\t\t\t<div class=\"excerpt\">\n\t\t\t\t\t<p>Evaluer la loyaut\u00e9 du Qatar envers ses alli\u00e9s occidentaux a longtemps \u00e9t\u00e9&hellip;<\/p>\n\t\t\t\t<\/div>\n\t\t\t\n\t\t\t\n\t\t\t\n\t\t<\/div>\n\n\t\n<\/article>\t\t\n\t<\/div>\n\n\t\t\n\t\t\t<\/div>\n\n\t\t<\/section>\n\t\t\t\t\t\t<\/div>\n\t\t\t\t<\/div>\n\t\t\t\t<div class=\"elementor-element elementor-element-625b5254 elementor-widget-divider--view-line elementor-widget elementor-widget-divider\" data-id=\"625b5254\" data-element_type=\"widget\" data-e-type=\"widget\" data-widget_type=\"divider.default\">\n\t\t\t\t\t\t\t<div class=\"elementor-divider\">\n\t\t\t<span class=\"elementor-divider-separator\">\n\t\t\t\t\t\t<\/span>\n\t\t<\/div>\n\t\t\t\t\t\t<\/div>\n\t\t\t\t<div class=\"elementor-element elementor-element-6f336fdd elementor-widget elementor-widget-smartmag-postslist\" data-id=\"6f336fdd\" data-element_type=\"widget\" data-e-type=\"widget\" data-widget_type=\"smartmag-postslist.default\">\n\t\t\t\t<div class=\"elementor-widget-container\">\n\t\t\t\t\t\t\t<section class=\"block-wrap block-posts-list block-sc mb-none\" data-id=\"5\">\n\n\t\t\t\t\n\t\t\t<div class=\"block-content\">\n\t\t\t\t\t\n\t<div class=\"loop loop-list loop-sep loop-list-sep grid grid-1 md:grid-1 sm:grid-1\">\n\n\t\t\t\t\n\t\t\t\n<article class=\"l-post list-post list-post-on-sm\">\n\n\t\n\t\n\n\t\n\t\t<div class=\"content\">\n\n\t\t\t<div class=\"post-meta post-meta-a has-below\"><h2 class=\"is-title post-title\"><a href=\"https:\/\/thedailyreports.com\/fr\/2024\/02\/22\/nouvelles-conclusions-de-la-ftc-sur-les-violations-des-regles-de-securite-par-la-plateforme-x\/\">Nouvelles conclusions de la FTC sur les violations des r\u00e8gles de s\u00e9curit\u00e9 par la plateforme X<\/a><\/h2><div class=\"post-meta-items meta-below\"><span class=\"meta-item date\"><span class=\"date-link\"><time class=\"post-date\" datetime=\"2024-02-22T15:54:44+01:00\">February 22, 2024<\/time><\/span><\/span><\/div><\/div>\t\t\t\n\t\t\t\n\t\t\t\n\t\t<\/div>\n\n\t\n<\/article>\n\t\t\t\t\n\t\t\t\n<article class=\"l-post list-post list-post-on-sm\">\n\n\t\n\t\n\n\t\n\t\t<div class=\"content\">\n\n\t\t\t<div class=\"post-meta post-meta-a has-below\"><h2 class=\"is-title post-title\"><a href=\"https:\/\/thedailyreports.com\/fr\/2024\/02\/21\/washington-doha-une-alliance-deraisonnable\/\">Washington &#8211; Doha\u00a0; une alliance d\u00e9raisonnable<\/a><\/h2><div class=\"post-meta-items meta-below\"><span class=\"meta-item date\"><span class=\"date-link\"><time class=\"post-date\" datetime=\"2024-02-21T20:49:29+01:00\">February 21, 2024<\/time><\/span><\/span><\/div><\/div>\t\t\t\n\t\t\t\n\t\t\t\n\t\t<\/div>\n\n\t\n<\/article>\n\t\t\n\t<\/div>\n\n\t\t\t\t\t<\/div>\n\n\t\t<\/section>\n\t\t\t\t\t\t<\/div>\n\t\t\t\t<\/div>\n\t\t\t\t<div class=\"elementor-element elementor-element-44644c70 elementor-widget elementor-widget-smartmag-grid\" data-id=\"44644c70\" data-element_type=\"widget\" data-e-type=\"widget\" data-widget_type=\"smartmag-grid.default\">\n\t\t\t\t<div class=\"elementor-widget-container\">\n\t\t\t\t\t\t\t<section class=\"block-wrap block-grid block-sc mb-none\" data-id=\"6\">\n\n\t\t\t\t\t\t\t\t\n\t\t\t\t\t\t\t\n\t\t\t\t<div class=\"block-head block-head-ac block-head-f is-left\">\n\n\t\t\t\t\t<h4 class=\"heading\">Opinion<\/h4>\t\t\t\t\t\n\t\t\t\t\t\t\t\t\t<\/div>\n\t\t\t\t\n\t\t\t\n\t\t\t\n\t\t\t<div class=\"block-content\">\n\t\t\t\t\t\n\t<div class=\"loop loop-grid loop-grid-base grid grid-1 md:grid-1 xs:grid-1\">\n\n\t\t\t\t\t\n<article class=\"l-post grid-post grid-base-post\">\n\n\t\n\t\t\t<div class=\"media\">\n\n\t\t\n\t\t\t<a href=\"https:\/\/thedailyreports.com\/fr\/2024\/03\/01\/comment-le-qatar-a-aide-les-houthis-a-devenir-une-menace-pour-toute-la-region-du-moyen-orient\/\" class=\"image-link media-ratio ar-bunyad-grid\" title=\"Comment le Qatar a aid\u00e9 les Houthis \u00e0 devenir une menace pour toute la r\u00e9gion du Moyen-Orient\"><img loading=\"lazy\" decoding=\"async\" width=\"383\" height=\"216\" src=\"https:\/\/thedailyreports.com\/fr\/wp-content\/uploads\/2024\/03\/DQFRAUGIWFD43PYMF7PBOJ27LU-1280x853.jpg\" class=\"attachment-large size-large wp-post-image\" alt=\"\" sizes=\"(max-width: 383px) 100vw, 383px\" title=\"Comment le Qatar a aid\u00e9 les Houthis \u00e0 devenir une menace pour toute la r\u00e9gion du Moyen-Orient\" srcset=\"https:\/\/thedailyreports.com\/fr\/wp-content\/uploads\/2024\/03\/DQFRAUGIWFD43PYMF7PBOJ27LU-1280x853.jpg 1280w, https:\/\/thedailyreports.com\/fr\/wp-content\/uploads\/2024\/03\/DQFRAUGIWFD43PYMF7PBOJ27LU-640x427.jpg 640w\" \/><\/a>\t\t\t\n\t\t\t\n\t\t\t\n\t\t\t\n\t\t\n\t\t<\/div>\n\t\n\n\t\n\t\t<div class=\"content\">\n\n\t\t\t<div class=\"post-meta post-meta-a has-below\"><h2 class=\"is-title post-title\"><a href=\"https:\/\/thedailyreports.com\/fr\/2024\/03\/01\/comment-le-qatar-a-aide-les-houthis-a-devenir-une-menace-pour-toute-la-region-du-moyen-orient\/\">Comment le Qatar a aid\u00e9 les Houthis \u00e0 devenir une menace pour toute la r\u00e9gion du Moyen-Orient<\/a><\/h2><div class=\"post-meta-items meta-below\"><span class=\"meta-item post-cat\">\n\t\t\t\t\t\t\n\t\t\t\t\t\t<a href=\"https:\/\/thedailyreports.com\/fr\/category\/analyse-politique\/\" class=\"category term-color-114\" rel=\"category\">Analyse politique<\/a>\n\t\t\t\t\t<\/span>\n\t\t\t\t\t<span class=\"meta-item date\"><span class=\"date-link\"><time class=\"post-date\" datetime=\"2024-03-01T00:22:16+01:00\">March 1, 2024<\/time><\/span><\/span><\/div><\/div>\t\t\t\n\t\t\t\t\t\t\n\t\t\t\t<div class=\"excerpt\">\n\t\t\t\t\t<p>Depuis des mois, la milice Houthi du Y\u00e9men, qui se fait \u00e9galement&hellip;<\/p>\n\t\t\t\t<\/div>\n\t\t\t\n\t\t\t\n\t\t\t\n\t\t<\/div>\n\n\t\n<\/article>\t\t\n\t<\/div>\n\n\t\t\n\t\t\t<\/div>\n\n\t\t<\/section>\n\t\t\t\t\t\t<\/div>\n\t\t\t\t<\/div>\n\t\t\t\t<div class=\"elementor-element elementor-element-637e086c elementor-widget-divider--view-line elementor-widget elementor-widget-divider\" data-id=\"637e086c\" data-element_type=\"widget\" data-e-type=\"widget\" data-widget_type=\"divider.default\">\n\t\t\t\t\t\t\t<div class=\"elementor-divider\">\n\t\t\t<span class=\"elementor-divider-separator\">\n\t\t\t\t\t\t<\/span>\n\t\t<\/div>\n\t\t\t\t\t\t<\/div>\n\t\t\t\t<div class=\"elementor-element elementor-element-7f810dde elementor-widget elementor-widget-smartmag-postslist\" data-id=\"7f810dde\" data-element_type=\"widget\" data-e-type=\"widget\" data-widget_type=\"smartmag-postslist.default\">\n\t\t\t\t<div class=\"elementor-widget-container\">\n\t\t\t\t\t\t\t<section class=\"block-wrap block-posts-list block-sc mb-none\" data-id=\"7\">\n\n\t\t\t\t\n\t\t\t<div class=\"block-content\">\n\t\t\t\t\t\n\t<div class=\"loop loop-list loop-sep loop-list-sep grid grid-1 md:grid-1 sm:grid-1\">\n\n\t\t\t\t\n\t\t\t\n<article class=\"l-post list-post list-post-on-sm\">\n\n\t\n\t\n\n\t\n\t\t<div class=\"content\">\n\n\t\t\t<div class=\"post-meta post-meta-a has-below\"><h2 class=\"is-title post-title\"><a href=\"https:\/\/thedailyreports.com\/fr\/2024\/02\/28\/liran-compte-se-servir-du-mont-du-temple-pour-provoquer-un-nouvel-embrasement-pendant-le-mois-de-ramadan-selon-israel\/\">L\u2019Iran compte se servir du Mont du Temple pour provoquer un nouvel embrasement pendant le mois de Ramadan, selon Isra\u00ebl<\/a><\/h2><div class=\"post-meta-items meta-below\"><span class=\"meta-item date\"><span class=\"date-link\"><time class=\"post-date\" datetime=\"2024-02-28T20:37:01+01:00\">February 28, 2024<\/time><\/span><\/span><\/div><\/div>\t\t\t\n\t\t\t\n\t\t\t\n\t\t<\/div>\n\n\t\n<\/article>\n\t\t\t\t\n\t\t\t\n<article class=\"l-post list-post list-post-on-sm\">\n\n\t\n\t\n\n\t\n\t\t<div class=\"content\">\n\n\t\t\t<div class=\"post-meta post-meta-a has-below\"><h2 class=\"is-title post-title\"><a href=\"https:\/\/thedailyreports.com\/fr\/2024\/02\/27\/iran-des-centaines-dactivistes-civiles-et-politiques-boycottent-les-elections\/\">Iran : des centaines d\u2019activistes civiles et politiques boycottent les \u00e9lections<\/a><\/h2><div class=\"post-meta-items meta-below\"><span class=\"meta-item date\"><span class=\"date-link\"><time class=\"post-date\" datetime=\"2024-02-27T20:30:33+01:00\">February 27, 2024<\/time><\/span><\/span><\/div><\/div>\t\t\t\n\t\t\t\n\t\t\t\n\t\t<\/div>\n\n\t\n<\/article>\n\t\t\t\t\n\t\t\t\n<article class=\"l-post list-post list-post-on-sm\">\n\n\t\n\t\n\n\t\n\t\t<div class=\"content\">\n\n\t\t\t<div class=\"post-meta post-meta-a has-below\"><h2 class=\"is-title post-title\"><a href=\"https:\/\/thedailyreports.com\/fr\/2024\/02\/26\/historique-des-relations-entre-liran-et-les-groupes-islamiques-palestiniens\/\">Historique des relations entre l\u2019Iran et les groupes islamiques palestiniens<\/a><\/h2><div class=\"post-meta-items meta-below\"><span class=\"meta-item date\"><span class=\"date-link\"><time class=\"post-date\" datetime=\"2024-02-26T19:44:41+01:00\">February 26, 2024<\/time><\/span><\/span><\/div><\/div>\t\t\t\n\t\t\t\n\t\t\t\n\t\t<\/div>\n\n\t\n<\/article>\n\t\t\n\t<\/div>\n\n\t\t\t\t\t<\/div>\n\n\t\t<\/section>\n\t\t\t\t\t\t<\/div>\n\t\t\t\t<\/div>\n\t\t\t\t\t<\/div>\n\t\t<\/div>\n\t\t\t\t<div class=\"elementor-column elementor-col-25 elementor-top-column elementor-element elementor-element-2dd95bdd ts-sticky-col el-col-sep\" data-id=\"2dd95bdd\" data-element_type=\"column\" data-e-type=\"column\">\n\t\t\t<div class=\"elementor-widget-wrap elementor-element-populated\">\n\t\t\t\t\t\t<div class=\"elementor-element elementor-element-40603924 elementor-widget elementor-widget-smartmag-postssmall\" data-id=\"40603924\" data-element_type=\"widget\" data-e-type=\"widget\" data-widget_type=\"smartmag-postssmall.default\">\n\t\t\t\t<div class=\"elementor-widget-container\">\n\t\t\t\t\t\t\t<section class=\"block-wrap block-posts-small block-sc mb-none\" data-id=\"8\">\n\n\t\t\t\t\t\t\t\t\n\t\t\t\t\t\t\t\n\t\t\t\t<div class=\"block-head block-head-ac block-head-f is-left\">\n\n\t\t\t\t\t<h4 class=\"heading\">Just In<\/h4>\t\t\t\t\t\n\t\t\t\t\t\t\t\t\t<\/div>\n\t\t\t\t\n\t\t\t\n\t\t\t\n\t\t\t<div class=\"block-content\">\n\t\t\t\t\n\t<div class=\"loop loop-small loop-small- loop-sep loop-small-sep grid grid-1 md:grid-1 sm:grid-1 xs:grid-1\">\n\n\t\t\t\t\t\n<article class=\"l-post small-post m-pos-right\">\n\n\t\n\t\t\t<div class=\"media\">\n\n\t\t\n\t\t\t<a href=\"https:\/\/thedailyreports.com\/fr\/2024\/03\/01\/comment-le-qatar-a-aide-les-houthis-a-devenir-une-menace-pour-toute-la-region-du-moyen-orient\/\" class=\"image-link media-ratio ratio-is-custom\" title=\"Comment le Qatar a aid\u00e9 les Houthis \u00e0 devenir une menace pour toute la r\u00e9gion du Moyen-Orient\"><img loading=\"lazy\" decoding=\"async\" width=\"112\" height=\"102\" src=\"https:\/\/thedailyreports.com\/fr\/wp-content\/uploads\/2024\/03\/DQFRAUGIWFD43PYMF7PBOJ27LU-640x427.jpg\" class=\"attachment-medium size-medium wp-post-image\" alt=\"\" sizes=\"(max-width: 112px) 100vw, 112px\" title=\"Comment le Qatar a aid\u00e9 les Houthis \u00e0 devenir une menace pour toute la r\u00e9gion du Moyen-Orient\" srcset=\"https:\/\/thedailyreports.com\/fr\/wp-content\/uploads\/2024\/03\/DQFRAUGIWFD43PYMF7PBOJ27LU-640x427.jpg 640w, https:\/\/thedailyreports.com\/fr\/wp-content\/uploads\/2024\/03\/DQFRAUGIWFD43PYMF7PBOJ27LU-1280x853.jpg 1280w\" \/><\/a>\t\t\t\n\t\t\t\n\t\t\t\n\t\t\t\n\t\t\n\t\t<\/div>\n\t\n\n\t\n\t\t<div class=\"content\">\n\n\t\t\t<div class=\"post-meta post-meta-a post-meta-left\"><h4 class=\"is-title post-title\"><a href=\"https:\/\/thedailyreports.com\/fr\/2024\/03\/01\/comment-le-qatar-a-aide-les-houthis-a-devenir-une-menace-pour-toute-la-region-du-moyen-orient\/\">Comment le Qatar a aid\u00e9 les Houthis \u00e0 devenir une menace pour toute la r\u00e9gion du Moyen-Orient<\/a><\/h4><\/div>\t\t\t\n\t\t\t\n\t\t\t\n\t\t<\/div>\n\n\t\n<\/article>\t\n\t\t\t\t\t\n<article class=\"l-post small-post m-pos-right\">\n\n\t\n\t\t\t<div class=\"media\">\n\n\t\t\n\t\t\t<a href=\"https:\/\/thedailyreports.com\/fr\/2024\/02\/28\/liran-compte-se-servir-du-mont-du-temple-pour-provoquer-un-nouvel-embrasement-pendant-le-mois-de-ramadan-selon-israel\/\" class=\"image-link media-ratio ratio-is-custom\" title=\"L\u2019Iran compte se servir du Mont du Temple pour provoquer un nouvel embrasement pendant le mois de Ramadan, selon Isra\u00ebl\"><img loading=\"lazy\" decoding=\"async\" width=\"112\" height=\"102\" src=\"https:\/\/thedailyreports.com\/fr\/wp-content\/uploads\/2024\/02\/guerre-israel-iran-640x360.webp\" class=\"attachment-medium size-medium wp-post-image\" alt=\"\" sizes=\"(max-width: 112px) 100vw, 112px\" title=\"L\u2019Iran compte se servir du Mont du Temple pour provoquer un nouvel embrasement pendant le mois de Ramadan, selon Isra\u00ebl\" srcset=\"https:\/\/thedailyreports.com\/fr\/wp-content\/uploads\/2024\/02\/guerre-israel-iran-640x360.webp 640w, https:\/\/thedailyreports.com\/fr\/wp-content\/uploads\/2024\/02\/guerre-israel-iran.webp 1024w\" \/><\/a>\t\t\t\n\t\t\t\n\t\t\t\n\t\t\t\n\t\t\n\t\t<\/div>\n\t\n\n\t\n\t\t<div class=\"content\">\n\n\t\t\t<div class=\"post-meta post-meta-a post-meta-left\"><h4 class=\"is-title post-title\"><a href=\"https:\/\/thedailyreports.com\/fr\/2024\/02\/28\/liran-compte-se-servir-du-mont-du-temple-pour-provoquer-un-nouvel-embrasement-pendant-le-mois-de-ramadan-selon-israel\/\">L\u2019Iran compte se servir du Mont du Temple pour provoquer un nouvel embrasement pendant le mois de Ramadan, selon Isra\u00ebl<\/a><\/h4><\/div>\t\t\t\n\t\t\t\n\t\t\t\n\t\t<\/div>\n\n\t\n<\/article>\t\n\t\t\t\t\t\n<article class=\"l-post small-post m-pos-right\">\n\n\t\n\t\t\t<div class=\"media\">\n\n\t\t\n\t\t\t<a href=\"https:\/\/thedailyreports.com\/fr\/2024\/02\/27\/iran-des-centaines-dactivistes-civiles-et-politiques-boycottent-les-elections\/\" class=\"image-link media-ratio ratio-is-custom\" title=\"Iran : des centaines d\u2019activistes civiles et politiques boycottent les \u00e9lections\"><img loading=\"lazy\" decoding=\"async\" width=\"112\" height=\"102\" src=\"https:\/\/thedailyreports.com\/fr\/wp-content\/uploads\/2024\/02\/210618021403-04-iran-election-day-0618-raisi-640x427.jpg\" class=\"attachment-medium size-medium wp-post-image\" alt=\"\" sizes=\"(max-width: 112px) 100vw, 112px\" title=\"Iran : des centaines d\u2019activistes civiles et politiques boycottent les \u00e9lections\" srcset=\"https:\/\/thedailyreports.com\/fr\/wp-content\/uploads\/2024\/02\/210618021403-04-iran-election-day-0618-raisi-640x427.jpg 640w, https:\/\/thedailyreports.com\/fr\/wp-content\/uploads\/2024\/02\/210618021403-04-iran-election-day-0618-raisi-1280x853.jpg 1280w\" \/><\/a>\t\t\t\n\t\t\t\n\t\t\t\n\t\t\t\n\t\t\n\t\t<\/div>\n\t\n\n\t\n\t\t<div class=\"content\">\n\n\t\t\t<div class=\"post-meta post-meta-a post-meta-left\"><h4 class=\"is-title post-title\"><a href=\"https:\/\/thedailyreports.com\/fr\/2024\/02\/27\/iran-des-centaines-dactivistes-civiles-et-politiques-boycottent-les-elections\/\">Iran : des centaines d\u2019activistes civiles et politiques boycottent les \u00e9lections<\/a><\/h4><\/div>\t\t\t\n\t\t\t\n\t\t\t\n\t\t<\/div>\n\n\t\n<\/article>\t\n\t\t\t\t\t\n<article class=\"l-post small-post m-pos-right\">\n\n\t\n\t\t\t<div class=\"media\">\n\n\t\t\n\t\t\t<a href=\"https:\/\/thedailyreports.com\/fr\/2024\/02\/26\/historique-des-relations-entre-liran-et-les-groupes-islamiques-palestiniens\/\" class=\"image-link media-ratio ratio-is-custom\" title=\"Historique des relations entre l\u2019Iran et les groupes islamiques palestiniens\"><img loading=\"lazy\" decoding=\"async\" width=\"112\" height=\"102\" src=\"https:\/\/thedailyreports.com\/fr\/wp-content\/uploads\/2024\/02\/hamas_primeminister-640x394.webp\" class=\"attachment-medium size-medium wp-post-image\" alt=\"\" sizes=\"(max-width: 112px) 100vw, 112px\" title=\"Historique des relations entre l\u2019Iran et les groupes islamiques palestiniens\" srcset=\"https:\/\/thedailyreports.com\/fr\/wp-content\/uploads\/2024\/02\/hamas_primeminister-640x394.webp 640w, https:\/\/thedailyreports.com\/fr\/wp-content\/uploads\/2024\/02\/hamas_primeminister.webp 1000w\" \/><\/a>\t\t\t\n\t\t\t\n\t\t\t\n\t\t\t\n\t\t\n\t\t<\/div>\n\t\n\n\t\n\t\t<div class=\"content\">\n\n\t\t\t<div class=\"post-meta post-meta-a post-meta-left\"><h4 class=\"is-title post-title\"><a href=\"https:\/\/thedailyreports.com\/fr\/2024\/02\/26\/historique-des-relations-entre-liran-et-les-groupes-islamiques-palestiniens\/\">Historique des relations entre l\u2019Iran et les groupes islamiques palestiniens<\/a><\/h4><\/div>\t\t\t\n\t\t\t\n\t\t\t\n\t\t<\/div>\n\n\t\n<\/article>\t\n\t\t\t\t\t\n<article class=\"l-post small-post m-pos-right\">\n\n\t\n\t\t\t<div class=\"media\">\n\n\t\t\n\t\t\t<a href=\"https:\/\/thedailyreports.com\/fr\/2024\/02\/25\/tunisie-premiere-conference-dun-parti-politique-issu-des-entrailles-dennahda\/\" class=\"image-link media-ratio ratio-is-custom\" title=\"Tunisie\u00a0: Premi\u00e8re conf\u00e9rence d\u2019un parti politique issu des entrailles d\u2019Ennahda et proche du Hamas\"><img loading=\"lazy\" decoding=\"async\" width=\"112\" height=\"102\" src=\"https:\/\/thedailyreports.com\/fr\/wp-content\/uploads\/2024\/02\/abdellatif-mekki-2-640x336.jpg\" class=\"attachment-medium size-medium wp-post-image\" alt=\"\" sizes=\"(max-width: 112px) 100vw, 112px\" title=\"Tunisie\u00a0: Premi\u00e8re conf\u00e9rence d\u2019un parti politique issu des entrailles d\u2019Ennahda et proche du Hamas\" srcset=\"https:\/\/thedailyreports.com\/fr\/wp-content\/uploads\/2024\/02\/abdellatif-mekki-2-640x336.jpg 640w, https:\/\/thedailyreports.com\/fr\/wp-content\/uploads\/2024\/02\/abdellatif-mekki-2.jpg 1200w\" \/><\/a>\t\t\t\n\t\t\t\n\t\t\t\n\t\t\t\n\t\t\n\t\t<\/div>\n\t\n\n\t\n\t\t<div class=\"content\">\n\n\t\t\t<div class=\"post-meta post-meta-a post-meta-left\"><h4 class=\"is-title post-title\"><a href=\"https:\/\/thedailyreports.com\/fr\/2024\/02\/25\/tunisie-premiere-conference-dun-parti-politique-issu-des-entrailles-dennahda\/\">Tunisie\u00a0: Premi\u00e8re conf\u00e9rence d\u2019un parti politique issu des entrailles d\u2019Ennahda et proche du Hamas<\/a><\/h4><\/div>\t\t\t\n\t\t\t\n\t\t\t\n\t\t<\/div>\n\n\t\n<\/article>\t\n\t\t\n\t<\/div>\n\n\t\t\t\t\t<\/div>\n\n\t\t<\/section>\n\t\t\t\t\t\t<\/div>\n\t\t\t\t<\/div>\n\t\t\t\t<div class=\"elementor-element elementor-element-75e6eb0 elementor-widget-divider--view-line elementor-widget elementor-widget-divider\" data-id=\"75e6eb0\" data-element_type=\"widget\" data-e-type=\"widget\" data-widget_type=\"divider.default\">\n\t\t\t\t\t\t\t<div class=\"elementor-divider\">\n\t\t\t<span class=\"elementor-divider-separator\">\n\t\t\t\t\t\t<\/span>\n\t\t<\/div>\n\t\t\t\t\t\t<\/div>\n\t\t\t\t<div class=\"elementor-element elementor-element-399fa5ff elementor-widget elementor-widget-smartmag-grid\" data-id=\"399fa5ff\" data-element_type=\"widget\" data-e-type=\"widget\" data-widget_type=\"smartmag-grid.default\">\n\t\t\t\t<div class=\"elementor-widget-container\">\n\t\t\t\t\t\t\t<section class=\"block-wrap block-grid block-sc mb-none\" data-id=\"9\">\n\n\t\t\t\t\n\t\t\t<div class=\"block-content\">\n\t\t\t\t\t\n\t<div class=\"loop loop-grid loop-grid-base grid grid-1 md:grid-1 xs:grid-1\">\n\n\t\t\t\t\t\n<article class=\"l-post grid-post grid-base-post\">\n\n\t\n\t\t\t<div class=\"media\">\n\n\t\t\n\t\t\t<a href=\"https:\/\/thedailyreports.com\/fr\/2024\/02\/23\/que-savait-le-qatar-du-plan-du-7-octobre-et-pourquoi-avoir-garde-le-silence\/\" class=\"image-link media-ratio ar-bunyad-grid\" title=\"Que savait le Qatar du plan du 7 octobre et pourquoi avoir gard\u00e9 le silence\u00a0?\"><img loading=\"lazy\" decoding=\"async\" width=\"383\" height=\"216\" src=\"https:\/\/thedailyreports.com\/fr\/wp-content\/uploads\/2024\/02\/\u05de\u05e4\u05d5\u05e6\u05dc\u05ea-\u05e0\u05ea\u05e0\u05d9\u05d4\u05d5-\u05d5\u05d0\u05de\u05d9\u05e8-\u05e7\u05d8\u05e8.jpg\" class=\"attachment-large size-large wp-post-image\" alt=\"\" sizes=\"(max-width: 383px) 100vw, 383px\" title=\"Que savait le Qatar du plan du 7 octobre et pourquoi avoir gard\u00e9 le silence\u00a0?\" srcset=\"https:\/\/thedailyreports.com\/fr\/wp-content\/uploads\/2024\/02\/\u05de\u05e4\u05d5\u05e6\u05dc\u05ea-\u05e0\u05ea\u05e0\u05d9\u05d4\u05d5-\u05d5\u05d0\u05de\u05d9\u05e8-\u05e7\u05d8\u05e8.jpg 1200w, https:\/\/thedailyreports.com\/fr\/wp-content\/uploads\/2024\/02\/\u05de\u05e4\u05d5\u05e6\u05dc\u05ea-\u05e0\u05ea\u05e0\u05d9\u05d4\u05d5-\u05d5\u05d0\u05de\u05d9\u05e8-\u05e7\u05d8\u05e8-640x359.jpg 640w\" \/><\/a>\t\t\t\n\t\t\t\n\t\t\t\n\t\t\t\n\t\t\n\t\t<\/div>\n\t\n\n\t\n\t\t<div class=\"content\">\n\n\t\t\t<div class=\"post-meta post-meta-a has-below\"><h2 class=\"is-title post-title\"><a href=\"https:\/\/thedailyreports.com\/fr\/2024\/02\/23\/que-savait-le-qatar-du-plan-du-7-octobre-et-pourquoi-avoir-garde-le-silence\/\">Que savait le Qatar du plan du 7 octobre et pourquoi avoir gard\u00e9 le silence\u00a0?<\/a><\/h2><div class=\"post-meta-items meta-below\"><span class=\"meta-item post-cat\">\n\t\t\t\t\t\t\n\t\t\t\t\t\t<a href=\"https:\/\/thedailyreports.com\/fr\/category\/analyse-politique\/\" class=\"category term-color-114\" rel=\"category\">Analyse politique<\/a>\n\t\t\t\t\t<\/span>\n\t\t\t\t\t<span class=\"meta-item date\"><span class=\"date-link\"><time class=\"post-date\" datetime=\"2024-02-23T17:59:47+01:00\">February 23, 2024<\/time><\/span><\/span><\/div><\/div>\t\t\t\n\t\t\t\t\t\t\n\t\t\t\t<div class=\"excerpt\">\n\t\t\t\t\t<p>Evaluer la loyaut\u00e9 du Qatar envers ses alli\u00e9s occidentaux a longtemps \u00e9t\u00e9&hellip;<\/p>\n\t\t\t\t<\/div>\n\t\t\t\n\t\t\t\n\t\t\t\n\t\t<\/div>\n\n\t\n<\/article>\t\t\n\t<\/div>\n\n\t\t\n\t\t\t<\/div>\n\n\t\t<\/section>\n\t\t\t\t\t\t<\/div>\n\t\t\t\t<\/div>\n\t\t\t\t<div class=\"elementor-element elementor-element-41bf3495 elementor-widget-divider--view-line elementor-widget elementor-widget-divider\" data-id=\"41bf3495\" data-element_type=\"widget\" data-e-type=\"widget\" data-widget_type=\"divider.default\">\n\t\t\t\t\t\t\t<div class=\"elementor-divider\">\n\t\t\t<span class=\"elementor-divider-separator\">\n\t\t\t\t\t\t<\/span>\n\t\t<\/div>\n\t\t\t\t\t\t<\/div>\n\t\t\t\t<div class=\"elementor-element elementor-element-22db8da6 elementor-widget elementor-widget-smartmag-postslist\" data-id=\"22db8da6\" data-element_type=\"widget\" data-e-type=\"widget\" data-widget_type=\"smartmag-postslist.default\">\n\t\t\t\t<div class=\"elementor-widget-container\">\n\t\t\t\t\t\t\t<section class=\"block-wrap block-posts-list block-sc mb-none\" data-id=\"10\">\n\n\t\t\t\t\n\t\t\t<div class=\"block-content\">\n\t\t\t\t\t\n\t<div class=\"loop loop-list loop-sep loop-list-sep grid grid-1 md:grid-1 sm:grid-1\">\n\n\t\t\t\t\n\t\t\t\n<article class=\"l-post list-post list-post-on-sm\">\n\n\t\n\t\n\n\t\n\t\t<div class=\"content\">\n\n\t\t\t<div class=\"post-meta post-meta-a has-below\"><h2 class=\"is-title post-title\"><a href=\"https:\/\/thedailyreports.com\/fr\/2024\/02\/22\/nouvelles-conclusions-de-la-ftc-sur-les-violations-des-regles-de-securite-par-la-plateforme-x\/\">Nouvelles conclusions de la FTC sur les violations des r\u00e8gles de s\u00e9curit\u00e9 par la plateforme X<\/a><\/h2><div class=\"post-meta-items meta-below\"><span class=\"meta-item date\"><span class=\"date-link\"><time class=\"post-date\" datetime=\"2024-02-22T15:54:44+01:00\">February 22, 2024<\/time><\/span><\/span><\/div><\/div>\t\t\t\n\t\t\t\n\t\t\t\n\t\t<\/div>\n\n\t\n<\/article>\n\t\t\t\t\n\t\t\t\n<article class=\"l-post list-post list-post-on-sm\">\n\n\t\n\t\n\n\t\n\t\t<div class=\"content\">\n\n\t\t\t<div class=\"post-meta post-meta-a has-below\"><h2 class=\"is-title post-title\"><a href=\"https:\/\/thedailyreports.com\/fr\/2024\/02\/21\/washington-doha-une-alliance-deraisonnable\/\">Washington &#8211; Doha\u00a0; une alliance d\u00e9raisonnable<\/a><\/h2><div class=\"post-meta-items meta-below\"><span class=\"meta-item date\"><span class=\"date-link\"><time class=\"post-date\" datetime=\"2024-02-21T20:49:29+01:00\">February 21, 2024<\/time><\/span><\/span><\/div><\/div>\t\t\t\n\t\t\t\n\t\t\t\n\t\t<\/div>\n\n\t\n<\/article>\n\t\t\n\t<\/div>\n\n\t\t\t\t\t<\/div>\n\n\t\t<\/section>\n\t\t\t\t\t\t<\/div>\n\t\t\t\t<\/div>\n\t\t\t\t\t<\/div>\n\t\t<\/div>\n\t\t\t\t\t<\/div>\n\t\t<\/section>\n\t\t\t\t<section class=\"has-el-gap el-gap-default elementor-section elementor-top-section elementor-element elementor-element-249b41a0 elementor-section-boxed elementor-section-height-default elementor-section-height-default\" data-id=\"249b41a0\" data-element_type=\"section\" data-e-type=\"section\">\n\t\t\t\t\t\t<div class=\"elementor-container elementor-column-gap-no\">\n\t\t\t\t\t<div class=\"elementor-column elementor-col-100 elementor-top-column elementor-element elementor-element-3a32076c\" data-id=\"3a32076c\" data-element_type=\"column\" data-e-type=\"column\">\n\t\t\t<div class=\"elementor-widget-wrap elementor-element-populated\">\n\t\t\t\t\t\t<div class=\"elementor-element elementor-element-5dcea704 elementor-widget elementor-widget-smartmag-heading\" data-id=\"5dcea704\" data-element_type=\"widget\" data-e-type=\"widget\" data-widget_type=\"smartmag-heading.default\">\n\t\t\t\t<div class=\"elementor-widget-container\">\n\t\t\t\t\t\t\t\t\t\t\n\t\t\t\t\t\t\t\n\t\t\t\t<div class=\"block-head block-head-ac block-head-f is-left\">\n\n\t\t\t\t\t<h4 class=\"heading\">Sports<\/h4>\t\t\t\t\t\n\t\t\t\t\t\t\t\t\t<\/div>\n\t\t\t\t\n\t\t\t\n\t\t\t\t\t\t<\/div>\n\t\t\t\t<\/div>\n\t\t\t\t\t<\/div>\n\t\t<\/div>\n\t\t\t\t\t<\/div>\n\t\t<\/section>\n\t\t\t\t<section class=\"has-el-gap el-gap-default elementor-section elementor-top-section elementor-element elementor-element-496a87ef elementor-section-boxed elementor-section-height-default elementor-section-height-default\" data-id=\"496a87ef\" data-element_type=\"section\" data-e-type=\"section\">\n\t\t\t\t\t\t<div class=\"elementor-container elementor-column-gap-no\">\n\t\t\t\t\t<div class=\"elementor-column elementor-col-50 elementor-top-column elementor-element elementor-element-44d9fe4c\" data-id=\"44d9fe4c\" data-element_type=\"column\" data-e-type=\"column\">\n\t\t\t<div class=\"elementor-widget-wrap elementor-element-populated\">\n\t\t\t\t\t\t<div class=\"elementor-element elementor-element-74579834 elementor-widget elementor-widget-smartmag-postslist\" data-id=\"74579834\" data-element_type=\"widget\" data-e-type=\"widget\" data-widget_type=\"smartmag-postslist.default\">\n\t\t\t\t<div class=\"elementor-widget-container\">\n\t\t\t\t\t\t\t<section class=\"block-wrap block-posts-list block-sc mb-none\" data-id=\"11\">\n\n\t\t\t\t\n\t\t\t<div class=\"block-content\">\n\t\t\t\t\t\n\t<div class=\"loop loop-list loop-sep loop-list-sep grid grid-1 md:grid-1 sm:grid-1\">\n\n\t\t\t\t\n\t\t\t\n<article class=\"l-post list-post grid-on-sm m-pos-right\">\n\n\t\n\t\t\t<div class=\"media\">\n\n\t\t\n\t\t\t<a href=\"https:\/\/thedailyreports.com\/fr\/2024\/03\/01\/comment-le-qatar-a-aide-les-houthis-a-devenir-une-menace-pour-toute-la-region-du-moyen-orient\/\" class=\"image-link media-ratio ratio-is-custom\" title=\"Comment le Qatar a aid\u00e9 les Houthis \u00e0 devenir une menace pour toute la r\u00e9gion du Moyen-Orient\"><img loading=\"lazy\" decoding=\"async\" width=\"433\" height=\"247\" src=\"https:\/\/thedailyreports.com\/fr\/wp-content\/uploads\/2024\/03\/DQFRAUGIWFD43PYMF7PBOJ27LU-1280x853.jpg\" class=\"attachment-large size-large wp-post-image\" alt=\"\" sizes=\"(max-width: 433px) 100vw, 433px\" title=\"Comment le Qatar a aid\u00e9 les Houthis \u00e0 devenir une menace pour toute la r\u00e9gion du Moyen-Orient\" srcset=\"https:\/\/thedailyreports.com\/fr\/wp-content\/uploads\/2024\/03\/DQFRAUGIWFD43PYMF7PBOJ27LU-1280x853.jpg 1280w, https:\/\/thedailyreports.com\/fr\/wp-content\/uploads\/2024\/03\/DQFRAUGIWFD43PYMF7PBOJ27LU-640x427.jpg 640w\" \/><\/a>\t\t\t\n\t\t\t\n\t\t\t\n\t\t\t\n\t\t\n\t\t<\/div>\n\t\n\n\t\n\t\t<div class=\"content\">\n\n\t\t\t<div class=\"post-meta post-meta-a has-below\"><h2 class=\"is-title post-title limit-lines l-lines-3\"><a href=\"https:\/\/thedailyreports.com\/fr\/2024\/03\/01\/comment-le-qatar-a-aide-les-houthis-a-devenir-une-menace-pour-toute-la-region-du-moyen-orient\/\">Comment le Qatar a aid\u00e9 les Houthis \u00e0 devenir une menace pour toute la r\u00e9gion du Moyen-Orient<\/a><\/h2><div class=\"post-meta-items meta-below\"><span class=\"meta-item post-cat\">\n\t\t\t\t\t\t\n\t\t\t\t\t\t<a href=\"https:\/\/thedailyreports.com\/fr\/category\/analyse-politique\/\" class=\"category term-color-114\" rel=\"category\">Analyse politique<\/a>\n\t\t\t\t\t<\/span>\n\t\t\t\t\t<span class=\"meta-item date\"><span class=\"date-link\"><time class=\"post-date\" datetime=\"2024-03-01T00:22:16+01:00\">March 1, 2024<\/time><\/span><\/span><\/div><\/div>\t\t\t\n\t\t\t\t\t\t\n\t\t\t\t<div class=\"excerpt\">\n\t\t\t\t\t<p>Depuis des mois, la milice Houthi du Y\u00e9men, qui se fait \u00e9galement appeler \u00ab Ansar Allah \u00bb (Partisans de Dieu), lance des missiles sur Isra\u00ebl et&hellip;<\/p>\n\t\t\t\t<\/div>\n\t\t\t\n\t\t\t\n\t\t\t\n\t\t\t\t<a href=\"https:\/\/thedailyreports.com\/fr\/2024\/03\/01\/comment-le-qatar-a-aide-les-houthis-a-devenir-une-menace-pour-toute-la-region-du-moyen-orient\/\" class=\"read-more-link read-more-btn ts-button ts-button-alt\">\n\t\t\t\t\tRead More\t\t\t\t<\/a>\n\n\t\t\t\n\t\t<\/div>\n\n\t\n<\/article>\n\t\t\n\t<\/div>\n\n\t\t\t\t\t<\/div>\n\n\t\t<\/section>\n\t\t\t\t\t\t<\/div>\n\t\t\t\t<\/div>\n\t\t\t\t<div class=\"elementor-element elementor-element-208be446 elementor-widget-divider--view-line elementor-widget elementor-widget-divider\" data-id=\"208be446\" data-element_type=\"widget\" data-e-type=\"widget\" data-widget_type=\"divider.default\">\n\t\t\t\t\t\t\t<div class=\"elementor-divider\">\n\t\t\t<span class=\"elementor-divider-separator\">\n\t\t\t\t\t\t<\/span>\n\t\t<\/div>\n\t\t\t\t\t\t<\/div>\n\t\t\t\t<div class=\"elementor-element elementor-element-80a5c2f elementor-widget elementor-widget-smartmag-grid\" data-id=\"80a5c2f\" data-element_type=\"widget\" data-e-type=\"widget\" data-widget_type=\"smartmag-grid.default\">\n\t\t\t\t<div class=\"elementor-widget-container\">\n\t\t\t\t\t\t\t<section class=\"block-wrap block-grid block-sc cols-gap-sm mb-none\" data-id=\"12\">\n\n\t\t\t\t\n\t\t\t<div class=\"block-content\">\n\t\t\t\t\t\n\t<div class=\"loop loop-grid loop-grid-base loop-sep-col grid grid-3 md:grid-2 xs:grid-1\">\n\n\t\t\t\t\t\n<article class=\"l-post grid-post grid-base-post\">\n\n\t\n\t\n\n\t\n\t\t<div class=\"content\">\n\n\t\t\t<div class=\"post-meta post-meta-a has-below\"><h2 class=\"is-title post-title limit-lines l-lines-2\"><a href=\"https:\/\/thedailyreports.com\/fr\/2024\/02\/28\/liran-compte-se-servir-du-mont-du-temple-pour-provoquer-un-nouvel-embrasement-pendant-le-mois-de-ramadan-selon-israel\/\">L\u2019Iran compte se servir du Mont du Temple pour provoquer un nouvel embrasement pendant le mois de Ramadan, selon Isra\u00ebl<\/a><\/h2><div class=\"post-meta-items meta-below\"><span class=\"meta-item date\"><span class=\"date-link\"><time class=\"post-date\" datetime=\"2024-02-28T20:37:01+01:00\">February 28, 2024<\/time><\/span><\/span><\/div><\/div>\t\t\t\n\t\t\t\t\t\t\n\t\t\t\t<div class=\"excerpt\">\n\t\t\t\t\t<p>Le ministre isra\u00e9lien de la D\u00e9fense Yoav Gallant a d\u00e9clar\u00e9 mardi que&hellip;<\/p>\n\t\t\t\t<\/div>\n\t\t\t\n\t\t\t\n\t\t\t\n\t\t<\/div>\n\n\t\n<\/article>\t\t\t\t\t\n<article class=\"l-post grid-post grid-base-post\">\n\n\t\n\t\n\n\t\n\t\t<div class=\"content\">\n\n\t\t\t<div class=\"post-meta post-meta-a has-below\"><h2 class=\"is-title post-title limit-lines l-lines-2\"><a href=\"https:\/\/thedailyreports.com\/fr\/2024\/02\/27\/iran-des-centaines-dactivistes-civiles-et-politiques-boycottent-les-elections\/\">Iran : des centaines d\u2019activistes civiles et politiques boycottent les \u00e9lections<\/a><\/h2><div class=\"post-meta-items meta-below\"><span class=\"meta-item date\"><span class=\"date-link\"><time class=\"post-date\" datetime=\"2024-02-27T20:30:33+01:00\">February 27, 2024<\/time><\/span><\/span><\/div><\/div>\t\t\t\n\t\t\t\t\t\t\n\t\t\t\t<div class=\"excerpt\">\n\t\t\t\t\t<p>Plus de 270 militants civils et politiques iraniens ont publi\u00e9 une d\u00e9claration&hellip;<\/p>\n\t\t\t\t<\/div>\n\t\t\t\n\t\t\t\n\t\t\t\n\t\t<\/div>\n\n\t\n<\/article>\t\t\t\t\t\n<article class=\"l-post grid-post grid-base-post\">\n\n\t\n\t\n\n\t\n\t\t<div class=\"content\">\n\n\t\t\t<div class=\"post-meta post-meta-a has-below\"><h2 class=\"is-title post-title limit-lines l-lines-2\"><a href=\"https:\/\/thedailyreports.com\/fr\/2024\/02\/26\/historique-des-relations-entre-liran-et-les-groupes-islamiques-palestiniens\/\">Historique des relations entre l\u2019Iran et les groupes islamiques palestiniens<\/a><\/h2><div class=\"post-meta-items meta-below\"><span class=\"meta-item date\"><span class=\"date-link\"><time class=\"post-date\" datetime=\"2024-02-26T19:44:41+01:00\">February 26, 2024<\/time><\/span><\/span><\/div><\/div>\t\t\t\n\t\t\t\t\t\t\n\t\t\t\t<div class=\"excerpt\">\n\t\t\t\t\t<p>Bien qu\u2019il n\u2019y ait aucune preuve de l\u2019implication de l\u2019Iran dans les&hellip;<\/p>\n\t\t\t\t<\/div>\n\t\t\t\n\t\t\t\n\t\t\t\n\t\t<\/div>\n\n\t\n<\/article>\t\t\n\t<\/div>\n\n\t\t\n\t\t\t<\/div>\n\n\t\t<\/section>\n\t\t\t\t\t\t<\/div>\n\t\t\t\t<\/div>\n\t\t\t\t\t<\/div>\n\t\t<\/div>\n\t\t\t\t<div class=\"elementor-column elementor-col-50 elementor-top-column elementor-element elementor-element-2af9d808 el-col-sep\" data-id=\"2af9d808\" data-element_type=\"column\" data-e-type=\"column\">\n\t\t\t<div class=\"elementor-widget-wrap elementor-element-populated\">\n\t\t\t\t\t\t<div class=\"elementor-element elementor-element-5f4dc908 elementor-widget elementor-widget-smartmag-postssmall\" data-id=\"5f4dc908\" data-element_type=\"widget\" data-e-type=\"widget\" data-widget_type=\"smartmag-postssmall.default\">\n\t\t\t\t<div class=\"elementor-widget-container\">\n\t\t\t\t\t\t\t<section class=\"block-wrap block-posts-small block-sc mb-none\" data-id=\"13\">\n\n\t\t\t\t\n\t\t\t<div class=\"block-content\">\n\t\t\t\t\n\t<div class=\"loop loop-small loop-small- loop-sep loop-small-sep grid grid-1 md:grid-1 sm:grid-1 xs:grid-1\">\n\n\t\t\t\t\t\n<article class=\"l-post small-post m-pos-right\">\n\n\t\n\t\t\t<div class=\"media\">\n\n\t\t\n\t\t\t<a href=\"https:\/\/thedailyreports.com\/fr\/2024\/02\/25\/tunisie-premiere-conference-dun-parti-politique-issu-des-entrailles-dennahda\/\" class=\"image-link media-ratio ratio-is-custom\" title=\"Tunisie\u00a0: Premi\u00e8re conf\u00e9rence d\u2019un parti politique issu des entrailles d\u2019Ennahda et proche du Hamas\"><img loading=\"lazy\" decoding=\"async\" width=\"112\" height=\"102\" src=\"https:\/\/thedailyreports.com\/fr\/wp-content\/uploads\/2024\/02\/abdellatif-mekki-2-640x336.jpg\" class=\"attachment-medium size-medium wp-post-image\" alt=\"\" sizes=\"(max-width: 112px) 100vw, 112px\" title=\"Tunisie\u00a0: Premi\u00e8re conf\u00e9rence d\u2019un parti politique issu des entrailles d\u2019Ennahda et proche du Hamas\" srcset=\"https:\/\/thedailyreports.com\/fr\/wp-content\/uploads\/2024\/02\/abdellatif-mekki-2-640x336.jpg 640w, https:\/\/thedailyreports.com\/fr\/wp-content\/uploads\/2024\/02\/abdellatif-mekki-2.jpg 1200w\" \/><\/a>\t\t\t\n\t\t\t\n\t\t\t\n\t\t\t\n\t\t\n\t\t<\/div>\n\t\n\n\t\n\t\t<div class=\"content\">\n\n\t\t\t<div class=\"post-meta post-meta-a post-meta-left has-below\"><h4 class=\"is-title post-title limit-lines l-lines-2\"><a href=\"https:\/\/thedailyreports.com\/fr\/2024\/02\/25\/tunisie-premiere-conference-dun-parti-politique-issu-des-entrailles-dennahda\/\">Tunisie\u00a0: Premi\u00e8re conf\u00e9rence d\u2019un parti politique issu des entrailles d\u2019Ennahda et proche du Hamas<\/a><\/h4><div class=\"post-meta-items meta-below\"><span class=\"meta-item date\"><span class=\"date-link\"><time class=\"post-date\" datetime=\"2024-02-25T00:07:07+01:00\">February 25, 2024<\/time><\/span><\/span><\/div><\/div>\t\t\t\n\t\t\t\n\t\t\t\n\t\t<\/div>\n\n\t\n<\/article>\t\n\t\t\t\t\t\n<article class=\"l-post small-post m-pos-right\">\n\n\t\n\t\t\t<div class=\"media\">\n\n\t\t\n\t\t\t<a href=\"https:\/\/thedailyreports.com\/fr\/2024\/02\/23\/que-savait-le-qatar-du-plan-du-7-octobre-et-pourquoi-avoir-garde-le-silence\/\" class=\"image-link media-ratio ratio-is-custom\" title=\"Que savait le Qatar du plan du 7 octobre et pourquoi avoir gard\u00e9 le silence\u00a0?\"><img loading=\"lazy\" decoding=\"async\" width=\"112\" height=\"102\" src=\"https:\/\/thedailyreports.com\/fr\/wp-content\/uploads\/2024\/02\/\u05de\u05e4\u05d5\u05e6\u05dc\u05ea-\u05e0\u05ea\u05e0\u05d9\u05d4\u05d5-\u05d5\u05d0\u05de\u05d9\u05e8-\u05e7\u05d8\u05e8-640x359.jpg\" class=\"attachment-medium size-medium wp-post-image\" alt=\"\" sizes=\"(max-width: 112px) 100vw, 112px\" title=\"Que savait le Qatar du plan du 7 octobre et pourquoi avoir gard\u00e9 le silence\u00a0?\" srcset=\"https:\/\/thedailyreports.com\/fr\/wp-content\/uploads\/2024\/02\/\u05de\u05e4\u05d5\u05e6\u05dc\u05ea-\u05e0\u05ea\u05e0\u05d9\u05d4\u05d5-\u05d5\u05d0\u05de\u05d9\u05e8-\u05e7\u05d8\u05e8-640x359.jpg 640w, https:\/\/thedailyreports.com\/fr\/wp-content\/uploads\/2024\/02\/\u05de\u05e4\u05d5\u05e6\u05dc\u05ea-\u05e0\u05ea\u05e0\u05d9\u05d4\u05d5-\u05d5\u05d0\u05de\u05d9\u05e8-\u05e7\u05d8\u05e8.jpg 1200w\" \/><\/a>\t\t\t\n\t\t\t\n\t\t\t\n\t\t\t\n\t\t\n\t\t<\/div>\n\t\n\n\t\n\t\t<div class=\"content\">\n\n\t\t\t<div class=\"post-meta post-meta-a post-meta-left has-below\"><h4 class=\"is-title post-title limit-lines l-lines-2\"><a href=\"https:\/\/thedailyreports.com\/fr\/2024\/02\/23\/que-savait-le-qatar-du-plan-du-7-octobre-et-pourquoi-avoir-garde-le-silence\/\">Que savait le Qatar du plan du 7 octobre et pourquoi avoir gard\u00e9 le silence\u00a0?<\/a><\/h4><div class=\"post-meta-items meta-below\"><span class=\"meta-item date\"><span class=\"date-link\"><time class=\"post-date\" datetime=\"2024-02-23T17:59:47+01:00\">February 23, 2024<\/time><\/span><\/span><\/div><\/div>\t\t\t\n\t\t\t\n\t\t\t\n\t\t<\/div>\n\n\t\n<\/article>\t\n\t\t\t\t\t\n<article class=\"l-post small-post m-pos-right\">\n\n\t\n\t\t\t<div class=\"media\">\n\n\t\t\n\t\t\t<a href=\"https:\/\/thedailyreports.com\/fr\/2024\/02\/22\/nouvelles-conclusions-de-la-ftc-sur-les-violations-des-regles-de-securite-par-la-plateforme-x\/\" class=\"image-link media-ratio ratio-is-custom\" title=\"Nouvelles conclusions de la FTC sur les violations des r\u00e8gles de s\u00e9curit\u00e9 par la plateforme X\"><img loading=\"lazy\" decoding=\"async\" width=\"112\" height=\"102\" src=\"https:\/\/thedailyreports.com\/fr\/wp-content\/uploads\/2024\/02\/elon-sixteen_nine-640x360.jpg\" class=\"attachment-medium size-medium wp-post-image\" alt=\"\" sizes=\"(max-width: 112px) 100vw, 112px\" title=\"Nouvelles conclusions de la FTC sur les violations des r\u00e8gles de s\u00e9curit\u00e9 par la plateforme X\" srcset=\"https:\/\/thedailyreports.com\/fr\/wp-content\/uploads\/2024\/02\/elon-sixteen_nine-640x360.jpg 640w, https:\/\/thedailyreports.com\/fr\/wp-content\/uploads\/2024\/02\/elon-sixteen_nine.jpg 948w\" \/><\/a>\t\t\t\n\t\t\t\n\t\t\t\n\t\t\t\n\t\t\n\t\t<\/div>\n\t\n\n\t\n\t\t<div class=\"content\">\n\n\t\t\t<div class=\"post-meta post-meta-a post-meta-left has-below\"><h4 class=\"is-title post-title limit-lines l-lines-2\"><a href=\"https:\/\/thedailyreports.com\/fr\/2024\/02\/22\/nouvelles-conclusions-de-la-ftc-sur-les-violations-des-regles-de-securite-par-la-plateforme-x\/\">Nouvelles conclusions de la FTC sur les violations des r\u00e8gles de s\u00e9curit\u00e9 par la plateforme X<\/a><\/h4><div class=\"post-meta-items meta-below\"><span class=\"meta-item date\"><span class=\"date-link\"><time class=\"post-date\" datetime=\"2024-02-22T15:54:44+01:00\">February 22, 2024<\/time><\/span><\/span><\/div><\/div>\t\t\t\n\t\t\t\n\t\t\t\n\t\t<\/div>\n\n\t\n<\/article>\t\n\t\t\t\t\t\n<article class=\"l-post small-post m-pos-right\">\n\n\t\n\t\t\t<div class=\"media\">\n\n\t\t\n\t\t\t<a href=\"https:\/\/thedailyreports.com\/fr\/2024\/02\/21\/washington-doha-une-alliance-deraisonnable\/\" class=\"image-link media-ratio ratio-is-custom\" title=\"Washington &#8211; Doha\u00a0; une alliance d\u00e9raisonnable\"><img loading=\"lazy\" decoding=\"async\" width=\"112\" height=\"102\" src=\"https:\/\/thedailyreports.com\/fr\/wp-content\/uploads\/2024\/02\/53512098132_d454b02bf3_o-1320x880-1-640x427.jpg\" class=\"attachment-medium size-medium wp-post-image\" alt=\"\" sizes=\"(max-width: 112px) 100vw, 112px\" title=\"Washington &#8211; Doha\u00a0; une alliance d\u00e9raisonnable\" srcset=\"https:\/\/thedailyreports.com\/fr\/wp-content\/uploads\/2024\/02\/53512098132_d454b02bf3_o-1320x880-1-640x427.jpg 640w, https:\/\/thedailyreports.com\/fr\/wp-content\/uploads\/2024\/02\/53512098132_d454b02bf3_o-1320x880-1-1280x853.jpg 1280w, https:\/\/thedailyreports.com\/fr\/wp-content\/uploads\/2024\/02\/53512098132_d454b02bf3_o-1320x880-1.jpg 1320w\" \/><\/a>\t\t\t\n\t\t\t\n\t\t\t\n\t\t\t\n\t\t\n\t\t<\/div>\n\t\n\n\t\n\t\t<div class=\"content\">\n\n\t\t\t<div class=\"post-meta post-meta-a post-meta-left has-below\"><h4 class=\"is-title post-title limit-lines l-lines-2\"><a href=\"https:\/\/thedailyreports.com\/fr\/2024\/02\/21\/washington-doha-une-alliance-deraisonnable\/\">Washington &#8211; Doha\u00a0; une alliance d\u00e9raisonnable<\/a><\/h4><div class=\"post-meta-items meta-below\"><span class=\"meta-item date\"><span class=\"date-link\"><time class=\"post-date\" datetime=\"2024-02-21T20:49:29+01:00\">February 21, 2024<\/time><\/span><\/span><\/div><\/div>\t\t\t\n\t\t\t\n\t\t\t\n\t\t<\/div>\n\n\t\n<\/article>\t\n\t\t\t\t\t\n<article class=\"l-post small-post m-pos-right\">\n\n\t\n\t\t\t<div class=\"media\">\n\n\t\t\n\t\t\t<a href=\"https:\/\/thedailyreports.com\/fr\/2024\/02\/21\/lequipe-nationale-iranienne-de-football-selection-sportive-ou-outil-de-propagande\/\" class=\"image-link media-ratio ratio-is-custom\" title=\"L\u2019\u00e9quipe nationale iranienne de football\u00a0; s\u00e9lection sportive ou outil de propagande\u00a0?\"><img loading=\"lazy\" decoding=\"async\" width=\"112\" height=\"102\" src=\"https:\/\/thedailyreports.com\/fr\/wp-content\/uploads\/2024\/02\/4331894.jpg\" class=\"attachment-large size-large wp-post-image\" alt=\"\" sizes=\"(max-width: 112px) 100vw, 112px\" title=\"L\u2019\u00e9quipe nationale iranienne de football\u00a0; s\u00e9lection sportive ou outil de propagande\u00a0?\" \/><\/a>\t\t\t\n\t\t\t\n\t\t\t\n\t\t\t\n\t\t\n\t\t<\/div>\n\t\n\n\t\n\t\t<div class=\"content\">\n\n\t\t\t<div class=\"post-meta post-meta-a post-meta-left has-below\"><h4 class=\"is-title post-title limit-lines l-lines-2\"><a href=\"https:\/\/thedailyreports.com\/fr\/2024\/02\/21\/lequipe-nationale-iranienne-de-football-selection-sportive-ou-outil-de-propagande\/\">L\u2019\u00e9quipe nationale iranienne de football\u00a0; s\u00e9lection sportive ou outil de propagande\u00a0?<\/a><\/h4><div class=\"post-meta-items meta-below\"><span class=\"meta-item date\"><span class=\"date-link\"><time class=\"post-date\" datetime=\"2024-02-21T00:45:07+01:00\">February 21, 2024<\/time><\/span><\/span><\/div><\/div>\t\t\t\n\t\t\t\n\t\t\t\n\t\t<\/div>\n\n\t\n<\/article>\t\n\t\t\n\t<\/div>\n\n\t\t\t\t\t<\/div>\n\n\t\t<\/section>\n\t\t\t\t\t\t<\/div>\n\t\t\t\t<\/div>\n\t\t\t\t\t<\/div>\n\t\t<\/div>\n\t\t\t\t\t<\/div>\n\t\t<\/section>\n\t\t\t\t<section class=\"has-el-gap el-gap-default elementor-section elementor-top-section elementor-element elementor-element-415c9bcd elementor-section-boxed elementor-section-height-default elementor-section-height-default\" data-id=\"415c9bcd\" data-element_type=\"section\" data-e-type=\"section\">\n\t\t\t\t\t\t<div class=\"elementor-container elementor-column-gap-no\">\n\t\t\t\t\t<div class=\"elementor-column elementor-col-50 elementor-top-column elementor-element elementor-element-31a47f96\" data-id=\"31a47f96\" data-element_type=\"column\" data-e-type=\"column\">\n\t\t\t<div class=\"elementor-widget-wrap elementor-element-populated\">\n\t\t\t\t\t\t<div class=\"elementor-element elementor-element-6afa7979 elementor-widget elementor-widget-smartmag-heading\" data-id=\"6afa7979\" data-element_type=\"widget\" data-e-type=\"widget\" data-widget_type=\"smartmag-heading.default\">\n\t\t\t\t<div class=\"elementor-widget-container\">\n\t\t\t\t\t\t\t\t\t\t\n\t\t\t\t\t\t\t\n\t\t\t\t<div class=\"block-head block-head-ac block-head-f is-left\">\n\n\t\t\t\t\t<h4 class=\"heading\">Money<\/h4>\t\t\t\t\t\n\t\t\t\t\t\t\t\t\t<\/div>\n\t\t\t\t\n\t\t\t\n\t\t\t\t\t\t<\/div>\n\t\t\t\t<\/div>\n\t\t\t\t<section class=\"has-el-gap el-gap-sm elementor-section elementor-inner-section elementor-element elementor-element-7776132b elementor-section-boxed elementor-section-height-default elementor-section-height-default\" data-id=\"7776132b\" data-element_type=\"section\" data-e-type=\"section\">\n\t\t\t\t\t\t<div class=\"elementor-container elementor-column-gap-no\">\n\t\t\t\t\t<div class=\"elementor-column elementor-col-50 elementor-inner-column elementor-element elementor-element-61fe53c6\" data-id=\"61fe53c6\" data-element_type=\"column\" data-e-type=\"column\">\n\t\t\t<div class=\"elementor-widget-wrap elementor-element-populated\">\n\t\t\t\t\t\t<div class=\"elementor-element elementor-element-1c154cb2 elementor-widget elementor-widget-smartmag-grid\" data-id=\"1c154cb2\" data-element_type=\"widget\" data-e-type=\"widget\" data-widget_type=\"smartmag-grid.default\">\n\t\t\t\t<div class=\"elementor-widget-container\">\n\t\t\t\t\t\t\t<section class=\"block-wrap block-grid block-sc mb-none\" data-id=\"14\">\n\n\t\t\t\t\n\t\t\t<div class=\"block-content\">\n\t\t\t\t\t\n\t<div class=\"loop loop-grid loop-grid-base grid grid-1 md:grid-1 xs:grid-1\">\n\n\t\t\t\t\t\n<article class=\"l-post grid-post grid-base-post\">\n\n\t\n\t\t\t<div class=\"media\">\n\n\t\t\n\t\t\t<a href=\"https:\/\/thedailyreports.com\/fr\/2024\/03\/01\/comment-le-qatar-a-aide-les-houthis-a-devenir-une-menace-pour-toute-la-region-du-moyen-orient\/\" class=\"image-link media-ratio ar-bunyad-grid\" title=\"Comment le Qatar a aid\u00e9 les Houthis \u00e0 devenir une menace pour toute la r\u00e9gion du Moyen-Orient\"><img loading=\"lazy\" decoding=\"async\" width=\"383\" height=\"216\" src=\"https:\/\/thedailyreports.com\/fr\/wp-content\/uploads\/2024\/03\/DQFRAUGIWFD43PYMF7PBOJ27LU-1280x853.jpg\" class=\"attachment-large size-large wp-post-image\" alt=\"\" sizes=\"(max-width: 383px) 100vw, 383px\" title=\"Comment le Qatar a aid\u00e9 les Houthis \u00e0 devenir une menace pour toute la r\u00e9gion du Moyen-Orient\" srcset=\"https:\/\/thedailyreports.com\/fr\/wp-content\/uploads\/2024\/03\/DQFRAUGIWFD43PYMF7PBOJ27LU-1280x853.jpg 1280w, https:\/\/thedailyreports.com\/fr\/wp-content\/uploads\/2024\/03\/DQFRAUGIWFD43PYMF7PBOJ27LU-640x427.jpg 640w\" \/><\/a>\t\t\t\n\t\t\t\n\t\t\t\n\t\t\t\n\t\t\n\t\t<\/div>\n\t\n\n\t\n\t\t<div class=\"content\">\n\n\t\t\t<div class=\"post-meta post-meta-a has-below\"><h2 class=\"is-title post-title\"><a href=\"https:\/\/thedailyreports.com\/fr\/2024\/03\/01\/comment-le-qatar-a-aide-les-houthis-a-devenir-une-menace-pour-toute-la-region-du-moyen-orient\/\">Comment le Qatar a aid\u00e9 les Houthis \u00e0 devenir une menace pour toute la r\u00e9gion du Moyen-Orient<\/a><\/h2><div class=\"post-meta-items meta-below\"><span class=\"meta-item post-cat\">\n\t\t\t\t\t\t\n\t\t\t\t\t\t<a href=\"https:\/\/thedailyreports.com\/fr\/category\/analyse-politique\/\" class=\"category term-color-114\" rel=\"category\">Analyse politique<\/a>\n\t\t\t\t\t<\/span>\n\t\t\t\t\t<span class=\"meta-item date\"><span class=\"date-link\"><time class=\"post-date\" datetime=\"2024-03-01T00:22:16+01:00\">March 1, 2024<\/time><\/span><\/span><\/div><\/div>\t\t\t\n\t\t\t\t\t\t\n\t\t\t\t<div class=\"excerpt\">\n\t\t\t\t\t<p>Depuis des mois, la milice Houthi du Y\u00e9men, qui se fait \u00e9galement appeler \u00ab Ansar Allah \u00bb (Partisans de Dieu), lance des&hellip;<\/p>\n\t\t\t\t<\/div>\n\t\t\t\n\t\t\t\n\t\t\t\n\t\t\t\t<a href=\"https:\/\/thedailyreports.com\/fr\/2024\/03\/01\/comment-le-qatar-a-aide-les-houthis-a-devenir-une-menace-pour-toute-la-region-du-moyen-orient\/\" class=\"read-more-link read-more-btn ts-button ts-button-alt\">\n\t\t\t\t\tRead More\t\t\t\t<\/a>\n\n\t\t\t\n\t\t<\/div>\n\n\t\n<\/article>\t\t\n\t<\/div>\n\n\t\t\n\t\t\t<\/div>\n\n\t\t<\/section>\n\t\t\t\t\t\t<\/div>\n\t\t\t\t<\/div>\n\t\t\t\t\t<\/div>\n\t\t<\/div>\n\t\t\t\t<div class=\"elementor-column elementor-col-50 elementor-inner-column elementor-element elementor-element-6e7636c4\" data-id=\"6e7636c4\" data-element_type=\"column\" data-e-type=\"column\">\n\t\t\t<div class=\"elementor-widget-wrap elementor-element-populated\">\n\t\t\t\t\t\t<div class=\"elementor-element elementor-element-300471f2 elementor-widget elementor-widget-smartmag-grid\" data-id=\"300471f2\" data-element_type=\"widget\" data-e-type=\"widget\" data-widget_type=\"smartmag-grid.default\">\n\t\t\t\t<div class=\"elementor-widget-container\">\n\t\t\t\t\t\t\t<section class=\"block-wrap block-grid block-sc mb-none\" data-id=\"15\">\n\n\t\t\t\t\n\t\t\t<div class=\"block-content\">\n\t\t\t\t\t\n\t<div class=\"loop loop-grid loop-grid-base grid grid-2 md:grid-2 xs:grid-1\">\n\n\t\t\t\t\t\n<article class=\"l-post grid-post grid-base-post\">\n\n\t\n\t\t\t<div class=\"media\">\n\n\t\t\n\t\t\t<a href=\"https:\/\/thedailyreports.com\/fr\/2024\/02\/28\/liran-compte-se-servir-du-mont-du-temple-pour-provoquer-un-nouvel-embrasement-pendant-le-mois-de-ramadan-selon-israel\/\" class=\"image-link media-ratio ratio-4-3\" title=\"L\u2019Iran compte se servir du Mont du Temple pour provoquer un nouvel embrasement pendant le mois de Ramadan, selon Isra\u00ebl\"><img loading=\"lazy\" decoding=\"async\" width=\"383\" height=\"287\" src=\"https:\/\/thedailyreports.com\/fr\/wp-content\/uploads\/2024\/02\/guerre-israel-iran.webp\" class=\"attachment-large size-large wp-post-image\" alt=\"\" sizes=\"(max-width: 383px) 100vw, 383px\" title=\"L\u2019Iran compte se servir du Mont du Temple pour provoquer un nouvel embrasement pendant le mois de Ramadan, selon Isra\u00ebl\" srcset=\"https:\/\/thedailyreports.com\/fr\/wp-content\/uploads\/2024\/02\/guerre-israel-iran.webp 1024w, https:\/\/thedailyreports.com\/fr\/wp-content\/uploads\/2024\/02\/guerre-israel-iran-640x360.webp 640w\" \/><\/a>\t\t\t\n\t\t\t\n\t\t\t\n\t\t\t\n\t\t\n\t\t<\/div>\n\t\n\n\t\n\t\t<div class=\"content\">\n\n\t\t\t<div class=\"post-meta post-meta-a has-below\"><h2 class=\"is-title post-title limit-lines l-lines-2\"><a href=\"https:\/\/thedailyreports.com\/fr\/2024\/02\/28\/liran-compte-se-servir-du-mont-du-temple-pour-provoquer-un-nouvel-embrasement-pendant-le-mois-de-ramadan-selon-israel\/\">L\u2019Iran compte se servir du Mont du Temple pour provoquer un nouvel embrasement pendant le mois de Ramadan, selon Isra\u00ebl<\/a><\/h2><div class=\"post-meta-items meta-below\"><span class=\"meta-item date\"><span class=\"date-link\"><time class=\"post-date\" datetime=\"2024-02-28T20:37:01+01:00\">February 28, 2024<\/time><\/span><\/span><\/div><\/div>\t\t\t\n\t\t\t\n\t\t\t\n\t\t<\/div>\n\n\t\n<\/article>\t\t\t\t\t\n<article class=\"l-post grid-post grid-base-post\">\n\n\t\n\t\t\t<div class=\"media\">\n\n\t\t\n\t\t\t<a href=\"https:\/\/thedailyreports.com\/fr\/2024\/02\/27\/iran-des-centaines-dactivistes-civiles-et-politiques-boycottent-les-elections\/\" class=\"image-link media-ratio ratio-4-3\" title=\"Iran : des centaines d\u2019activistes civiles et politiques boycottent les \u00e9lections\"><img loading=\"lazy\" decoding=\"async\" width=\"383\" height=\"287\" src=\"https:\/\/thedailyreports.com\/fr\/wp-content\/uploads\/2024\/02\/210618021403-04-iran-election-day-0618-raisi-1280x853.jpg\" class=\"attachment-large size-large wp-post-image\" alt=\"\" sizes=\"(max-width: 383px) 100vw, 383px\" title=\"Iran : des centaines d\u2019activistes civiles et politiques boycottent les \u00e9lections\" srcset=\"https:\/\/thedailyreports.com\/fr\/wp-content\/uploads\/2024\/02\/210618021403-04-iran-election-day-0618-raisi-1280x853.jpg 1280w, https:\/\/thedailyreports.com\/fr\/wp-content\/uploads\/2024\/02\/210618021403-04-iran-election-day-0618-raisi-640x427.jpg 640w\" \/><\/a>\t\t\t\n\t\t\t\n\t\t\t\n\t\t\t\n\t\t\n\t\t<\/div>\n\t\n\n\t\n\t\t<div class=\"content\">\n\n\t\t\t<div class=\"post-meta post-meta-a has-below\"><h2 class=\"is-title post-title limit-lines l-lines-2\"><a href=\"https:\/\/thedailyreports.com\/fr\/2024\/02\/27\/iran-des-centaines-dactivistes-civiles-et-politiques-boycottent-les-elections\/\">Iran : des centaines d\u2019activistes civiles et politiques boycottent les \u00e9lections<\/a><\/h2><div class=\"post-meta-items meta-below\"><span class=\"meta-item date\"><span class=\"date-link\"><time class=\"post-date\" datetime=\"2024-02-27T20:30:33+01:00\">February 27, 2024<\/time><\/span><\/span><\/div><\/div>\t\t\t\n\t\t\t\n\t\t\t\n\t\t<\/div>\n\n\t\n<\/article>\t\t\n\t<\/div>\n\n\t\t\n\t\t\t<\/div>\n\n\t\t<\/section>\n\t\t\t\t\t\t<\/div>\n\t\t\t\t<\/div>\n\t\t\t\t<div class=\"elementor-element elementor-element-7e557580 elementor-widget-divider--view-line elementor-widget elementor-widget-divider\" data-id=\"7e557580\" data-element_type=\"widget\" data-e-type=\"widget\" data-widget_type=\"divider.default\">\n\t\t\t\t\t\t\t<div class=\"elementor-divider\">\n\t\t\t<span class=\"elementor-divider-separator\">\n\t\t\t\t\t\t<\/span>\n\t\t<\/div>\n\t\t\t\t\t\t<\/div>\n\t\t\t\t<div class=\"elementor-element elementor-element-632d6307 elementor-widget elementor-widget-smartmag-postssmall\" data-id=\"632d6307\" data-element_type=\"widget\" data-e-type=\"widget\" data-widget_type=\"smartmag-postssmall.default\">\n\t\t\t\t<div class=\"elementor-widget-container\">\n\t\t\t\t\t\t\t<section class=\"block-wrap block-posts-small block-sc mb-none\" data-id=\"16\">\n\n\t\t\t\t\n\t\t\t<div class=\"block-content\">\n\t\t\t\t\n\t<div class=\"loop loop-small loop-small- loop-sep loop-small-sep grid grid-1 md:grid-1 sm:grid-1 xs:grid-1\">\n\n\t\t\t\t\t\n<article class=\"l-post small-post m-pos-left\">\n\n\t\n\t\t\t<div class=\"media\">\n\n\t\t\n\t\t\t<a href=\"https:\/\/thedailyreports.com\/fr\/2024\/02\/26\/historique-des-relations-entre-liran-et-les-groupes-islamiques-palestiniens\/\" class=\"image-link media-ratio ratio-is-custom\" title=\"Historique des relations entre l\u2019Iran et les groupes islamiques palestiniens\"><img loading=\"lazy\" decoding=\"async\" width=\"112\" height=\"102\" src=\"https:\/\/thedailyreports.com\/fr\/wp-content\/uploads\/2024\/02\/hamas_primeminister-640x394.webp\" class=\"attachment-medium size-medium wp-post-image\" alt=\"\" sizes=\"(max-width: 112px) 100vw, 112px\" title=\"Historique des relations entre l\u2019Iran et les groupes islamiques palestiniens\" srcset=\"https:\/\/thedailyreports.com\/fr\/wp-content\/uploads\/2024\/02\/hamas_primeminister-640x394.webp 640w, https:\/\/thedailyreports.com\/fr\/wp-content\/uploads\/2024\/02\/hamas_primeminister.webp 1000w\" \/><\/a>\t\t\t\n\t\t\t\n\t\t\t\n\t\t\t\n\t\t\n\t\t<\/div>\n\t\n\n\t\n\t\t<div class=\"content\">\n\n\t\t\t<div class=\"post-meta post-meta-a post-meta-left has-below\"><h4 class=\"is-title post-title limit-lines l-lines-2\"><a href=\"https:\/\/thedailyreports.com\/fr\/2024\/02\/26\/historique-des-relations-entre-liran-et-les-groupes-islamiques-palestiniens\/\">Historique des relations entre l\u2019Iran et les groupes islamiques palestiniens<\/a><\/h4><div class=\"post-meta-items meta-below\"><span class=\"meta-item date\"><span class=\"date-link\"><time class=\"post-date\" datetime=\"2024-02-26T19:44:41+01:00\">February 26, 2024<\/time><\/span><\/span><\/div><\/div>\t\t\t\n\t\t\t\n\t\t\t\n\t\t<\/div>\n\n\t\n<\/article>\t\n\t\t\t\t\t\n<article class=\"l-post small-post m-pos-left\">\n\n\t\n\t\t\t<div class=\"media\">\n\n\t\t\n\t\t\t<a href=\"https:\/\/thedailyreports.com\/fr\/2024\/02\/25\/tunisie-premiere-conference-dun-parti-politique-issu-des-entrailles-dennahda\/\" class=\"image-link media-ratio ratio-is-custom\" title=\"Tunisie\u00a0: Premi\u00e8re conf\u00e9rence d\u2019un parti politique issu des entrailles d\u2019Ennahda et proche du Hamas\"><img loading=\"lazy\" decoding=\"async\" width=\"112\" height=\"102\" src=\"https:\/\/thedailyreports.com\/fr\/wp-content\/uploads\/2024\/02\/abdellatif-mekki-2-640x336.jpg\" class=\"attachment-medium size-medium wp-post-image\" alt=\"\" sizes=\"(max-width: 112px) 100vw, 112px\" title=\"Tunisie\u00a0: Premi\u00e8re conf\u00e9rence d\u2019un parti politique issu des entrailles d\u2019Ennahda et proche du Hamas\" srcset=\"https:\/\/thedailyreports.com\/fr\/wp-content\/uploads\/2024\/02\/abdellatif-mekki-2-640x336.jpg 640w, https:\/\/thedailyreports.com\/fr\/wp-content\/uploads\/2024\/02\/abdellatif-mekki-2.jpg 1200w\" \/><\/a>\t\t\t\n\t\t\t\n\t\t\t\n\t\t\t\n\t\t\n\t\t<\/div>\n\t\n\n\t\n\t\t<div class=\"content\">\n\n\t\t\t<div class=\"post-meta post-meta-a post-meta-left has-below\"><h4 class=\"is-title post-title limit-lines l-lines-2\"><a href=\"https:\/\/thedailyreports.com\/fr\/2024\/02\/25\/tunisie-premiere-conference-dun-parti-politique-issu-des-entrailles-dennahda\/\">Tunisie\u00a0: Premi\u00e8re conf\u00e9rence d\u2019un parti politique issu des entrailles d\u2019Ennahda et proche du Hamas<\/a><\/h4><div class=\"post-meta-items meta-below\"><span class=\"meta-item date\"><span class=\"date-link\"><time class=\"post-date\" datetime=\"2024-02-25T00:07:07+01:00\">February 25, 2024<\/time><\/span><\/span><\/div><\/div>\t\t\t\n\t\t\t\n\t\t\t\n\t\t<\/div>\n\n\t\n<\/article>\t\n\t\t\n\t<\/div>\n\n\t\t\t\t\t<\/div>\n\n\t\t<\/section>\n\t\t\t\t\t\t<\/div>\n\t\t\t\t<\/div>\n\t\t\t\t\t<\/div>\n\t\t<\/div>\n\t\t\t\t\t<\/div>\n\t\t<\/section>\n\t\t\t\t<div class=\"elementor-element elementor-element-4438ddc4 elementor-widget elementor-widget-smartmag-heading\" data-id=\"4438ddc4\" data-element_type=\"widget\" data-e-type=\"widget\" data-widget_type=\"smartmag-heading.default\">\n\t\t\t\t<div class=\"elementor-widget-container\">\n\t\t\t\t\t\t\t\t\t\t\n\t\t\t\t\t\t\t\n\t\t\t\t<div class=\"block-head block-head-ac block-head-f is-left\">\n\n\t\t\t\t\t<h4 class=\"heading\">Tech &amp; Innovation<\/h4>\t\t\t\t\t\n\t\t\t\t\t\t\t\t\t<\/div>\n\t\t\t\t\n\t\t\t\n\t\t\t\t\t\t<\/div>\n\t\t\t\t<\/div>\n\t\t\t\t<section class=\"has-el-gap el-gap-sm elementor-section elementor-inner-section elementor-element elementor-element-4900f897 elementor-section-boxed elementor-section-height-default elementor-section-height-default\" data-id=\"4900f897\" data-element_type=\"section\" data-e-type=\"section\">\n\t\t\t\t\t\t<div class=\"elementor-container elementor-column-gap-no\">\n\t\t\t\t\t<div class=\"elementor-column elementor-col-50 elementor-inner-column elementor-element elementor-element-1d4b0ed3\" data-id=\"1d4b0ed3\" data-element_type=\"column\" data-e-type=\"column\">\n\t\t\t<div class=\"elementor-widget-wrap elementor-element-populated\">\n\t\t\t\t\t\t<div class=\"elementor-element elementor-element-256da644 elementor-widget elementor-widget-smartmag-grid\" data-id=\"256da644\" data-element_type=\"widget\" data-e-type=\"widget\" data-widget_type=\"smartmag-grid.default\">\n\t\t\t\t<div class=\"elementor-widget-container\">\n\t\t\t\t\t\t\t<section class=\"block-wrap block-grid block-sc mb-none\" data-id=\"17\">\n\n\t\t\t\t\n\t\t\t<div class=\"block-content\">\n\t\t\t\t\t\n\t<div class=\"loop loop-grid loop-grid-base grid grid-1 md:grid-1 xs:grid-1\">\n\n\t\t\t\t\t\n<article class=\"l-post grid-post grid-base-post\">\n\n\t\n\t\t\t<div class=\"media\">\n\n\t\t\n\t\t\t<a href=\"https:\/\/thedailyreports.com\/fr\/2024\/03\/01\/comment-le-qatar-a-aide-les-houthis-a-devenir-une-menace-pour-toute-la-region-du-moyen-orient\/\" class=\"image-link media-ratio ar-bunyad-grid\" title=\"Comment le Qatar a aid\u00e9 les Houthis \u00e0 devenir une menace pour toute la r\u00e9gion du Moyen-Orient\"><img loading=\"lazy\" decoding=\"async\" width=\"383\" height=\"216\" src=\"https:\/\/thedailyreports.com\/fr\/wp-content\/uploads\/2024\/03\/DQFRAUGIWFD43PYMF7PBOJ27LU-1280x853.jpg\" class=\"attachment-large size-large wp-post-image\" alt=\"\" sizes=\"(max-width: 383px) 100vw, 383px\" title=\"Comment le Qatar a aid\u00e9 les Houthis \u00e0 devenir une menace pour toute la r\u00e9gion du Moyen-Orient\" srcset=\"https:\/\/thedailyreports.com\/fr\/wp-content\/uploads\/2024\/03\/DQFRAUGIWFD43PYMF7PBOJ27LU-1280x853.jpg 1280w, https:\/\/thedailyreports.com\/fr\/wp-content\/uploads\/2024\/03\/DQFRAUGIWFD43PYMF7PBOJ27LU-640x427.jpg 640w\" \/><\/a>\t\t\t\n\t\t\t\n\t\t\t\n\t\t\t\n\t\t\n\t\t<\/div>\n\t\n\n\t\n\t\t<div class=\"content\">\n\n\t\t\t<div class=\"post-meta post-meta-a has-below\"><h2 class=\"is-title post-title\"><a href=\"https:\/\/thedailyreports.com\/fr\/2024\/03\/01\/comment-le-qatar-a-aide-les-houthis-a-devenir-une-menace-pour-toute-la-region-du-moyen-orient\/\">Comment le Qatar a aid\u00e9 les Houthis \u00e0 devenir une menace pour toute la r\u00e9gion du Moyen-Orient<\/a><\/h2><div class=\"post-meta-items meta-below\"><span class=\"meta-item post-cat\">\n\t\t\t\t\t\t\n\t\t\t\t\t\t<a href=\"https:\/\/thedailyreports.com\/fr\/category\/analyse-politique\/\" class=\"category term-color-114\" rel=\"category\">Analyse politique<\/a>\n\t\t\t\t\t<\/span>\n\t\t\t\t\t<span class=\"meta-item date\"><span class=\"date-link\"><time class=\"post-date\" datetime=\"2024-03-01T00:22:16+01:00\">March 1, 2024<\/time><\/span><\/span><\/div><\/div>\t\t\t\n\t\t\t\t\t\t\n\t\t\t\t<div class=\"excerpt\">\n\t\t\t\t\t<p>Depuis des mois, la milice Houthi du Y\u00e9men, qui se fait \u00e9galement appeler \u00ab Ansar Allah \u00bb (Partisans de Dieu), lance des missiles sur Isra\u00ebl et bloque les&hellip;<\/p>\n\t\t\t\t<\/div>\n\t\t\t\n\t\t\t\n\t\t\t\n\t\t\t\t<a href=\"https:\/\/thedailyreports.com\/fr\/2024\/03\/01\/comment-le-qatar-a-aide-les-houthis-a-devenir-une-menace-pour-toute-la-region-du-moyen-orient\/\" class=\"read-more-link read-more-btn ts-button ts-button-alt\">\n\t\t\t\t\tRead More\t\t\t\t<\/a>\n\n\t\t\t\n\t\t<\/div>\n\n\t\n<\/article>\t\t\n\t<\/div>\n\n\t\t\n\t\t\t<\/div>\n\n\t\t<\/section>\n\t\t\t\t\t\t<\/div>\n\t\t\t\t<\/div>\n\t\t\t\t\t<\/div>\n\t\t<\/div>\n\t\t\t\t<div class=\"elementor-column elementor-col-50 elementor-inner-column elementor-element elementor-element-6fd2e925\" data-id=\"6fd2e925\" data-element_type=\"column\" data-e-type=\"column\">\n\t\t\t<div class=\"elementor-widget-wrap elementor-element-populated\">\n\t\t\t\t\t\t<div class=\"elementor-element elementor-element-dde03c4 elementor-widget elementor-widget-smartmag-postslist\" data-id=\"dde03c4\" data-element_type=\"widget\" data-e-type=\"widget\" data-widget_type=\"smartmag-postslist.default\">\n\t\t\t\t<div class=\"elementor-widget-container\">\n\t\t\t\t\t\t\t<section class=\"block-wrap block-posts-list block-sc mb-none\" data-id=\"18\">\n\n\t\t\t\t\n\t\t\t<div class=\"block-content\">\n\t\t\t\t\t\n\t<div class=\"loop loop-list loop-sep loop-list-sep grid grid-1 md:grid-1 sm:grid-1\">\n\n\t\t\t\t\n\t\t\t\n<article class=\"l-post list-post list-post-on-sm m-pos-right\">\n\n\t\n\t\t\t<div class=\"media\">\n\n\t\t\n\t\t\t<a href=\"https:\/\/thedailyreports.com\/fr\/2024\/02\/28\/liran-compte-se-servir-du-mont-du-temple-pour-provoquer-un-nouvel-embrasement-pendant-le-mois-de-ramadan-selon-israel\/\" class=\"image-link media-ratio ratio-4-3\" title=\"L\u2019Iran compte se servir du Mont du Temple pour provoquer un nouvel embrasement pendant le mois de Ramadan, selon Isra\u00ebl\"><img loading=\"lazy\" decoding=\"async\" width=\"321\" height=\"241\" src=\"https:\/\/thedailyreports.com\/fr\/wp-content\/uploads\/2024\/02\/guerre-israel-iran.webp\" class=\"attachment-large size-large wp-post-image\" alt=\"\" sizes=\"(max-width: 321px) 100vw, 321px\" title=\"L\u2019Iran compte se servir du Mont du Temple pour provoquer un nouvel embrasement pendant le mois de Ramadan, selon Isra\u00ebl\" srcset=\"https:\/\/thedailyreports.com\/fr\/wp-content\/uploads\/2024\/02\/guerre-israel-iran.webp 1024w, https:\/\/thedailyreports.com\/fr\/wp-content\/uploads\/2024\/02\/guerre-israel-iran-640x360.webp 640w\" \/><\/a>\t\t\t\n\t\t\t\n\t\t\t\n\t\t\t\n\t\t\n\t\t<\/div>\n\t\n\n\t\n\t\t<div class=\"content\">\n\n\t\t\t<div class=\"post-meta post-meta-a has-below\"><h2 class=\"is-title post-title\"><a href=\"https:\/\/thedailyreports.com\/fr\/2024\/02\/28\/liran-compte-se-servir-du-mont-du-temple-pour-provoquer-un-nouvel-embrasement-pendant-le-mois-de-ramadan-selon-israel\/\">L\u2019Iran compte se servir du Mont du Temple pour provoquer un nouvel embrasement pendant le mois de Ramadan, selon Isra\u00ebl<\/a><\/h2><div class=\"post-meta-items meta-below\"><span class=\"meta-item date\"><span class=\"date-link\"><time class=\"post-date\" datetime=\"2024-02-28T20:37:01+01:00\">February 28, 2024<\/time><\/span><\/span><\/div><\/div>\t\t\t\n\t\t\t\n\t\t\t\n\t\t<\/div>\n\n\t\n<\/article>\n\t\t\t\t\n\t\t\t\n<article class=\"l-post list-post list-post-on-sm m-pos-right\">\n\n\t\n\t\t\t<div class=\"media\">\n\n\t\t\n\t\t\t<a href=\"https:\/\/thedailyreports.com\/fr\/2024\/02\/27\/iran-des-centaines-dactivistes-civiles-et-politiques-boycottent-les-elections\/\" class=\"image-link media-ratio ratio-4-3\" title=\"Iran : des centaines d\u2019activistes civiles et politiques boycottent les \u00e9lections\"><img loading=\"lazy\" decoding=\"async\" width=\"321\" height=\"241\" src=\"https:\/\/thedailyreports.com\/fr\/wp-content\/uploads\/2024\/02\/210618021403-04-iran-election-day-0618-raisi-1280x853.jpg\" class=\"attachment-large size-large wp-post-image\" alt=\"\" sizes=\"(max-width: 321px) 100vw, 321px\" title=\"Iran : des centaines d\u2019activistes civiles et politiques boycottent les \u00e9lections\" srcset=\"https:\/\/thedailyreports.com\/fr\/wp-content\/uploads\/2024\/02\/210618021403-04-iran-election-day-0618-raisi-1280x853.jpg 1280w, https:\/\/thedailyreports.com\/fr\/wp-content\/uploads\/2024\/02\/210618021403-04-iran-election-day-0618-raisi-640x427.jpg 640w\" \/><\/a>\t\t\t\n\t\t\t\n\t\t\t\n\t\t\t\n\t\t\n\t\t<\/div>\n\t\n\n\t\n\t\t<div class=\"content\">\n\n\t\t\t<div class=\"post-meta post-meta-a has-below\"><h2 class=\"is-title post-title\"><a href=\"https:\/\/thedailyreports.com\/fr\/2024\/02\/27\/iran-des-centaines-dactivistes-civiles-et-politiques-boycottent-les-elections\/\">Iran : des centaines d\u2019activistes civiles et politiques boycottent les \u00e9lections<\/a><\/h2><div class=\"post-meta-items meta-below\"><span class=\"meta-item date\"><span class=\"date-link\"><time class=\"post-date\" datetime=\"2024-02-27T20:30:33+01:00\">February 27, 2024<\/time><\/span><\/span><\/div><\/div>\t\t\t\n\t\t\t\n\t\t\t\n\t\t<\/div>\n\n\t\n<\/article>\n\t\t\t\t\n\t\t\t\n<article class=\"l-post list-post list-post-on-sm m-pos-right\">\n\n\t\n\t\t\t<div class=\"media\">\n\n\t\t\n\t\t\t<a href=\"https:\/\/thedailyreports.com\/fr\/2024\/02\/26\/historique-des-relations-entre-liran-et-les-groupes-islamiques-palestiniens\/\" class=\"image-link media-ratio ratio-4-3\" title=\"Historique des relations entre l\u2019Iran et les groupes islamiques palestiniens\"><img loading=\"lazy\" decoding=\"async\" width=\"321\" height=\"241\" src=\"https:\/\/thedailyreports.com\/fr\/wp-content\/uploads\/2024\/02\/hamas_primeminister.webp\" class=\"attachment-large size-large wp-post-image\" alt=\"\" sizes=\"(max-width: 321px) 100vw, 321px\" title=\"Historique des relations entre l\u2019Iran et les groupes islamiques palestiniens\" srcset=\"https:\/\/thedailyreports.com\/fr\/wp-content\/uploads\/2024\/02\/hamas_primeminister.webp 1000w, https:\/\/thedailyreports.com\/fr\/wp-content\/uploads\/2024\/02\/hamas_primeminister-640x394.webp 640w\" \/><\/a>\t\t\t\n\t\t\t\n\t\t\t\n\t\t\t\n\t\t\n\t\t<\/div>\n\t\n\n\t\n\t\t<div class=\"content\">\n\n\t\t\t<div class=\"post-meta post-meta-a has-below\"><h2 class=\"is-title post-title\"><a href=\"https:\/\/thedailyreports.com\/fr\/2024\/02\/26\/historique-des-relations-entre-liran-et-les-groupes-islamiques-palestiniens\/\">Historique des relations entre l\u2019Iran et les groupes islamiques palestiniens<\/a><\/h2><div class=\"post-meta-items meta-below\"><span class=\"meta-item date\"><span class=\"date-link\"><time class=\"post-date\" datetime=\"2024-02-26T19:44:41+01:00\">February 26, 2024<\/time><\/span><\/span><\/div><\/div>\t\t\t\n\t\t\t\n\t\t\t\n\t\t<\/div>\n\n\t\n<\/article>\n\t\t\t\t\n\t\t\t\n<article class=\"l-post list-post list-post-on-sm m-pos-right\">\n\n\t\n\t\t\t<div class=\"media\">\n\n\t\t\n\t\t\t<a href=\"https:\/\/thedailyreports.com\/fr\/2024\/02\/25\/tunisie-premiere-conference-dun-parti-politique-issu-des-entrailles-dennahda\/\" class=\"image-link media-ratio ratio-4-3\" title=\"Tunisie\u00a0: Premi\u00e8re conf\u00e9rence d\u2019un parti politique issu des entrailles d\u2019Ennahda et proche du Hamas\"><img loading=\"lazy\" decoding=\"async\" width=\"321\" height=\"241\" src=\"https:\/\/thedailyreports.com\/fr\/wp-content\/uploads\/2024\/02\/abdellatif-mekki-2.jpg\" class=\"attachment-large size-large wp-post-image\" alt=\"\" sizes=\"(max-width: 321px) 100vw, 321px\" title=\"Tunisie\u00a0: Premi\u00e8re conf\u00e9rence d\u2019un parti politique issu des entrailles d\u2019Ennahda et proche du Hamas\" srcset=\"https:\/\/thedailyreports.com\/fr\/wp-content\/uploads\/2024\/02\/abdellatif-mekki-2.jpg 1200w, https:\/\/thedailyreports.com\/fr\/wp-content\/uploads\/2024\/02\/abdellatif-mekki-2-640x336.jpg 640w\" \/><\/a>\t\t\t\n\t\t\t\n\t\t\t\n\t\t\t\n\t\t\n\t\t<\/div>\n\t\n\n\t\n\t\t<div class=\"content\">\n\n\t\t\t<div class=\"post-meta post-meta-a has-below\"><h2 class=\"is-title post-title\"><a href=\"https:\/\/thedailyreports.com\/fr\/2024\/02\/25\/tunisie-premiere-conference-dun-parti-politique-issu-des-entrailles-dennahda\/\">Tunisie\u00a0: Premi\u00e8re conf\u00e9rence d\u2019un parti politique issu des entrailles d\u2019Ennahda et proche du Hamas<\/a><\/h2><div class=\"post-meta-items meta-below\"><span class=\"meta-item date\"><span class=\"date-link\"><time class=\"post-date\" datetime=\"2024-02-25T00:07:07+01:00\">February 25, 2024<\/time><\/span><\/span><\/div><\/div>\t\t\t\n\t\t\t\n\t\t\t\n\t\t<\/div>\n\n\t\n<\/article>\n\t\t\n\t<\/div>\n\n\t\t\t\t\t<\/div>\n\n\t\t<\/section>\n\t\t\t\t\t\t<\/div>\n\t\t\t\t<\/div>\n\t\t\t\t\t<\/div>\n\t\t<\/div>\n\t\t\t\t\t<\/div>\n\t\t<\/section>\n\t\t\t\t\t<\/div>\n\t\t<\/div>\n\t\t\t\t<div class=\"elementor-column elementor-col-50 elementor-top-column elementor-element elementor-element-7a861a75 ts-sticky-native el-col-sep\" data-id=\"7a861a75\" data-element_type=\"column\" data-e-type=\"column\">\n\t\t\t<div class=\"elementor-widget-wrap elementor-element-populated\">\n\t\t\t\t\t\t<div class=\"elementor-element elementor-element-2ef212cd elementor-widget elementor-widget-smartmag-grid\" data-id=\"2ef212cd\" data-element_type=\"widget\" data-e-type=\"widget\" data-widget_type=\"smartmag-grid.default\">\n\t\t\t\t<div class=\"elementor-widget-container\">\n\t\t\t\t\t\t\t<section class=\"block-wrap block-grid block-sc mb-none\" data-id=\"19\">\n\n\t\t\t\t\t\t\t\t\n\t\t\t\t\t\t\t\n\t\t\t\t<div class=\"block-head block-head-ac block-head-f is-left\">\n\n\t\t\t\t\t<h4 class=\"heading\">Editor's Picks<\/h4>\t\t\t\t\t\n\t\t\t\t\t\t\t\t\t<\/div>\n\t\t\t\t\n\t\t\t\n\t\t\t\n\t\t\t<div class=\"block-content\">\n\t\t\t\t\t\n\t<div class=\"loop loop-grid loop-grid-base grid grid-1 md:grid-1 xs:grid-1\">\n\n\t\t\t\t\t\n<article class=\"l-post grid-post grid-base-post\">\n\n\t\n\t\t\t<div class=\"media\">\n\n\t\t\n\t\t\t<a href=\"https:\/\/thedailyreports.com\/fr\/2024\/03\/01\/comment-le-qatar-a-aide-les-houthis-a-devenir-une-menace-pour-toute-la-region-du-moyen-orient\/\" class=\"image-link media-ratio ratio-16-9\" title=\"Comment le Qatar a aid\u00e9 les Houthis \u00e0 devenir une menace pour toute la r\u00e9gion du Moyen-Orient\"><img loading=\"lazy\" decoding=\"async\" width=\"618\" height=\"348\" src=\"https:\/\/thedailyreports.com\/fr\/wp-content\/uploads\/2024\/03\/DQFRAUGIWFD43PYMF7PBOJ27LU-1280x853.jpg\" class=\"attachment-large size-large wp-post-image\" alt=\"\" sizes=\"(max-width: 618px) 100vw, 618px\" title=\"Comment le Qatar a aid\u00e9 les Houthis \u00e0 devenir une menace pour toute la r\u00e9gion du Moyen-Orient\" srcset=\"https:\/\/thedailyreports.com\/fr\/wp-content\/uploads\/2024\/03\/DQFRAUGIWFD43PYMF7PBOJ27LU-1280x853.jpg 1280w, https:\/\/thedailyreports.com\/fr\/wp-content\/uploads\/2024\/03\/DQFRAUGIWFD43PYMF7PBOJ27LU-640x427.jpg 640w\" \/><\/a>\t\t\t\n\t\t\t\n\t\t\t\n\t\t\t\n\t\t\n\t\t<\/div>\n\t\n\n\t\n\t\t<div class=\"content\">\n\n\t\t\t<div class=\"post-meta post-meta-a has-below\"><h2 class=\"is-title post-title\"><a href=\"https:\/\/thedailyreports.com\/fr\/2024\/03\/01\/comment-le-qatar-a-aide-les-houthis-a-devenir-une-menace-pour-toute-la-region-du-moyen-orient\/\">Comment le Qatar a aid\u00e9 les Houthis \u00e0 devenir une menace pour toute la r\u00e9gion du Moyen-Orient<\/a><\/h2><div class=\"post-meta-items meta-below\"><span class=\"meta-item post-cat\">\n\t\t\t\t\t\t\n\t\t\t\t\t\t<a href=\"https:\/\/thedailyreports.com\/fr\/category\/analyse-politique\/\" class=\"category term-color-114\" rel=\"category\">Analyse politique<\/a>\n\t\t\t\t\t<\/span>\n\t\t\t\t\t<span class=\"meta-item date\"><span class=\"date-link\"><time class=\"post-date\" datetime=\"2024-03-01T00:22:16+01:00\">March 1, 2024<\/time><\/span><\/span><\/div><\/div>\t\t\t\n\t\t\t\t\t\t\n\t\t\t\t<div class=\"excerpt\">\n\t\t\t\t\t<p>Depuis des mois, la milice Houthi du Y\u00e9men, qui se fait \u00e9galement&hellip;<\/p>\n\t\t\t\t<\/div>\n\t\t\t\n\t\t\t\n\t\t\t\n\t\t<\/div>\n\n\t\n<\/article>\t\t\n\t<\/div>\n\n\t\t\n\t\t\t<\/div>\n\n\t\t<\/section>\n\t\t\t\t\t\t<\/div>\n\t\t\t\t<\/div>\n\t\t\t\t<div class=\"elementor-element elementor-element-196ed6da elementor-widget-divider--view-line elementor-widget elementor-widget-divider\" data-id=\"196ed6da\" data-element_type=\"widget\" data-e-type=\"widget\" data-widget_type=\"divider.default\">\n\t\t\t\t\t\t\t<div class=\"elementor-divider\">\n\t\t\t<span class=\"elementor-divider-separator\">\n\t\t\t\t\t\t<\/span>\n\t\t<\/div>\n\t\t\t\t\t\t<\/div>\n\t\t\t\t<div class=\"elementor-element elementor-element-585796fd elementor-widget elementor-widget-smartmag-postssmall\" data-id=\"585796fd\" data-element_type=\"widget\" data-e-type=\"widget\" data-widget_type=\"smartmag-postssmall.default\">\n\t\t\t\t<div class=\"elementor-widget-container\">\n\t\t\t\t\t\t\t<section class=\"block-wrap block-posts-small block-sc mb-none\" data-id=\"20\">\n\n\t\t\t\t\n\t\t\t<div class=\"block-content\">\n\t\t\t\t\n\t<div class=\"loop loop-small loop-small- loop-sep loop-small-sep grid grid-1 md:grid-1 sm:grid-1 xs:grid-1\">\n\n\t\t\t\t\t\n<article class=\"l-post small-post m-pos-right\">\n\n\t\n\t\t\t<div class=\"media\">\n\n\t\t\n\t\t\t<a href=\"https:\/\/thedailyreports.com\/fr\/2024\/02\/28\/liran-compte-se-servir-du-mont-du-temple-pour-provoquer-un-nouvel-embrasement-pendant-le-mois-de-ramadan-selon-israel\/\" class=\"image-link media-ratio ratio-is-custom\" title=\"L\u2019Iran compte se servir du Mont du Temple pour provoquer un nouvel embrasement pendant le mois de Ramadan, selon Isra\u00ebl\"><img loading=\"lazy\" decoding=\"async\" width=\"112\" height=\"102\" src=\"https:\/\/thedailyreports.com\/fr\/wp-content\/uploads\/2024\/02\/guerre-israel-iran-640x360.webp\" class=\"attachment-medium size-medium wp-post-image\" alt=\"\" sizes=\"(max-width: 112px) 100vw, 112px\" title=\"L\u2019Iran compte se servir du Mont du Temple pour provoquer un nouvel embrasement pendant le mois de Ramadan, selon Isra\u00ebl\" srcset=\"https:\/\/thedailyreports.com\/fr\/wp-content\/uploads\/2024\/02\/guerre-israel-iran-640x360.webp 640w, https:\/\/thedailyreports.com\/fr\/wp-content\/uploads\/2024\/02\/guerre-israel-iran.webp 1024w\" \/><\/a>\t\t\t\n\t\t\t\n\t\t\t\n\t\t\t\n\t\t\n\t\t<\/div>\n\t\n\n\t\n\t\t<div class=\"content\">\n\n\t\t\t<div class=\"post-meta post-meta-a post-meta-left has-below\"><h4 class=\"is-title post-title limit-lines l-lines-2\"><a href=\"https:\/\/thedailyreports.com\/fr\/2024\/02\/28\/liran-compte-se-servir-du-mont-du-temple-pour-provoquer-un-nouvel-embrasement-pendant-le-mois-de-ramadan-selon-israel\/\">L\u2019Iran compte se servir du Mont du Temple pour provoquer un nouvel embrasement pendant le mois de Ramadan, selon Isra\u00ebl<\/a><\/h4><div class=\"post-meta-items meta-below\"><span class=\"meta-item date\"><span class=\"date-link\"><time class=\"post-date\" datetime=\"2024-02-28T20:37:01+01:00\">February 28, 2024<\/time><\/span><\/span><\/div><\/div>\t\t\t\n\t\t\t\n\t\t\t\n\t\t<\/div>\n\n\t\n<\/article>\t\n\t\t\t\t\t\n<article class=\"l-post small-post m-pos-right\">\n\n\t\n\t\t\t<div class=\"media\">\n\n\t\t\n\t\t\t<a href=\"https:\/\/thedailyreports.com\/fr\/2024\/02\/27\/iran-des-centaines-dactivistes-civiles-et-politiques-boycottent-les-elections\/\" class=\"image-link media-ratio ratio-is-custom\" title=\"Iran : des centaines d\u2019activistes civiles et politiques boycottent les \u00e9lections\"><img loading=\"lazy\" decoding=\"async\" width=\"112\" height=\"102\" src=\"https:\/\/thedailyreports.com\/fr\/wp-content\/uploads\/2024\/02\/210618021403-04-iran-election-day-0618-raisi-640x427.jpg\" class=\"attachment-medium size-medium wp-post-image\" alt=\"\" sizes=\"(max-width: 112px) 100vw, 112px\" title=\"Iran : des centaines d\u2019activistes civiles et politiques boycottent les \u00e9lections\" srcset=\"https:\/\/thedailyreports.com\/fr\/wp-content\/uploads\/2024\/02\/210618021403-04-iran-election-day-0618-raisi-640x427.jpg 640w, https:\/\/thedailyreports.com\/fr\/wp-content\/uploads\/2024\/02\/210618021403-04-iran-election-day-0618-raisi-1280x853.jpg 1280w\" \/><\/a>\t\t\t\n\t\t\t\n\t\t\t\n\t\t\t\n\t\t\n\t\t<\/div>\n\t\n\n\t\n\t\t<div class=\"content\">\n\n\t\t\t<div class=\"post-meta post-meta-a post-meta-left has-below\"><h4 class=\"is-title post-title limit-lines l-lines-2\"><a href=\"https:\/\/thedailyreports.com\/fr\/2024\/02\/27\/iran-des-centaines-dactivistes-civiles-et-politiques-boycottent-les-elections\/\">Iran : des centaines d\u2019activistes civiles et politiques boycottent les \u00e9lections<\/a><\/h4><div class=\"post-meta-items meta-below\"><span class=\"meta-item date\"><span class=\"date-link\"><time class=\"post-date\" datetime=\"2024-02-27T20:30:33+01:00\">February 27, 2024<\/time><\/span><\/span><\/div><\/div>\t\t\t\n\t\t\t\n\t\t\t\n\t\t<\/div>\n\n\t\n<\/article>\t\n\t\t\t\t\t\n<article class=\"l-post small-post m-pos-right\">\n\n\t\n\t\t\t<div class=\"media\">\n\n\t\t\n\t\t\t<a href=\"https:\/\/thedailyreports.com\/fr\/2024\/02\/26\/historique-des-relations-entre-liran-et-les-groupes-islamiques-palestiniens\/\" class=\"image-link media-ratio ratio-is-custom\" title=\"Historique des relations entre l\u2019Iran et les groupes islamiques palestiniens\"><img loading=\"lazy\" decoding=\"async\" width=\"112\" height=\"102\" src=\"https:\/\/thedailyreports.com\/fr\/wp-content\/uploads\/2024\/02\/hamas_primeminister-640x394.webp\" class=\"attachment-medium size-medium wp-post-image\" alt=\"\" sizes=\"(max-width: 112px) 100vw, 112px\" title=\"Historique des relations entre l\u2019Iran et les groupes islamiques palestiniens\" srcset=\"https:\/\/thedailyreports.com\/fr\/wp-content\/uploads\/2024\/02\/hamas_primeminister-640x394.webp 640w, https:\/\/thedailyreports.com\/fr\/wp-content\/uploads\/2024\/02\/hamas_primeminister.webp 1000w\" \/><\/a>\t\t\t\n\t\t\t\n\t\t\t\n\t\t\t\n\t\t\n\t\t<\/div>\n\t\n\n\t\n\t\t<div class=\"content\">\n\n\t\t\t<div class=\"post-meta post-meta-a post-meta-left has-below\"><h4 class=\"is-title post-title limit-lines l-lines-2\"><a href=\"https:\/\/thedailyreports.com\/fr\/2024\/02\/26\/historique-des-relations-entre-liran-et-les-groupes-islamiques-palestiniens\/\">Historique des relations entre l\u2019Iran et les groupes islamiques palestiniens<\/a><\/h4><div class=\"post-meta-items meta-below\"><span class=\"meta-item date\"><span class=\"date-link\"><time class=\"post-date\" datetime=\"2024-02-26T19:44:41+01:00\">February 26, 2024<\/time><\/span><\/span><\/div><\/div>\t\t\t\n\t\t\t\n\t\t\t\n\t\t<\/div>\n\n\t\n<\/article>\t\n\t\t\t\t\t\n<article class=\"l-post small-post m-pos-right\">\n\n\t\n\t\t\t<div class=\"media\">\n\n\t\t\n\t\t\t<a href=\"https:\/\/thedailyreports.com\/fr\/2024\/02\/25\/tunisie-premiere-conference-dun-parti-politique-issu-des-entrailles-dennahda\/\" class=\"image-link media-ratio ratio-is-custom\" title=\"Tunisie\u00a0: Premi\u00e8re conf\u00e9rence d\u2019un parti politique issu des entrailles d\u2019Ennahda et proche du Hamas\"><img loading=\"lazy\" decoding=\"async\" width=\"112\" height=\"102\" src=\"https:\/\/thedailyreports.com\/fr\/wp-content\/uploads\/2024\/02\/abdellatif-mekki-2-640x336.jpg\" class=\"attachment-medium size-medium wp-post-image\" alt=\"\" sizes=\"(max-width: 112px) 100vw, 112px\" title=\"Tunisie\u00a0: Premi\u00e8re conf\u00e9rence d\u2019un parti politique issu des entrailles d\u2019Ennahda et proche du Hamas\" srcset=\"https:\/\/thedailyreports.com\/fr\/wp-content\/uploads\/2024\/02\/abdellatif-mekki-2-640x336.jpg 640w, https:\/\/thedailyreports.com\/fr\/wp-content\/uploads\/2024\/02\/abdellatif-mekki-2.jpg 1200w\" \/><\/a>\t\t\t\n\t\t\t\n\t\t\t\n\t\t\t\n\t\t\n\t\t<\/div>\n\t\n\n\t\n\t\t<div class=\"content\">\n\n\t\t\t<div class=\"post-meta post-meta-a post-meta-left has-below\"><h4 class=\"is-title post-title limit-lines l-lines-2\"><a href=\"https:\/\/thedailyreports.com\/fr\/2024\/02\/25\/tunisie-premiere-conference-dun-parti-politique-issu-des-entrailles-dennahda\/\">Tunisie\u00a0: Premi\u00e8re conf\u00e9rence d\u2019un parti politique issu des entrailles d\u2019Ennahda et proche du Hamas<\/a><\/h4><div class=\"post-meta-items meta-below\"><span class=\"meta-item date\"><span class=\"date-link\"><time class=\"post-date\" datetime=\"2024-02-25T00:07:07+01:00\">February 25, 2024<\/time><\/span><\/span><\/div><\/div>\t\t\t\n\t\t\t\n\t\t\t\n\t\t<\/div>\n\n\t\n<\/article>\t\n\t\t\t\t\t\n<article class=\"l-post small-post m-pos-right\">\n\n\t\n\t\t\t<div class=\"media\">\n\n\t\t\n\t\t\t<a href=\"https:\/\/thedailyreports.com\/fr\/2024\/02\/23\/que-savait-le-qatar-du-plan-du-7-octobre-et-pourquoi-avoir-garde-le-silence\/\" class=\"image-link media-ratio ratio-is-custom\" title=\"Que savait le Qatar du plan du 7 octobre et pourquoi avoir gard\u00e9 le silence\u00a0?\"><img loading=\"lazy\" decoding=\"async\" width=\"112\" height=\"102\" src=\"https:\/\/thedailyreports.com\/fr\/wp-content\/uploads\/2024\/02\/\u05de\u05e4\u05d5\u05e6\u05dc\u05ea-\u05e0\u05ea\u05e0\u05d9\u05d4\u05d5-\u05d5\u05d0\u05de\u05d9\u05e8-\u05e7\u05d8\u05e8-640x359.jpg\" class=\"attachment-medium size-medium wp-post-image\" alt=\"\" sizes=\"(max-width: 112px) 100vw, 112px\" title=\"Que savait le Qatar du plan du 7 octobre et pourquoi avoir gard\u00e9 le silence\u00a0?\" srcset=\"https:\/\/thedailyreports.com\/fr\/wp-content\/uploads\/2024\/02\/\u05de\u05e4\u05d5\u05e6\u05dc\u05ea-\u05e0\u05ea\u05e0\u05d9\u05d4\u05d5-\u05d5\u05d0\u05de\u05d9\u05e8-\u05e7\u05d8\u05e8-640x359.jpg 640w, https:\/\/thedailyreports.com\/fr\/wp-content\/uploads\/2024\/02\/\u05de\u05e4\u05d5\u05e6\u05dc\u05ea-\u05e0\u05ea\u05e0\u05d9\u05d4\u05d5-\u05d5\u05d0\u05de\u05d9\u05e8-\u05e7\u05d8\u05e8.jpg 1200w\" \/><\/a>\t\t\t\n\t\t\t\n\t\t\t\n\t\t\t\n\t\t\n\t\t<\/div>\n\t\n\n\t\n\t\t<div class=\"content\">\n\n\t\t\t<div class=\"post-meta post-meta-a post-meta-left has-below\"><h4 class=\"is-title post-title limit-lines l-lines-2\"><a href=\"https:\/\/thedailyreports.com\/fr\/2024\/02\/23\/que-savait-le-qatar-du-plan-du-7-octobre-et-pourquoi-avoir-garde-le-silence\/\">Que savait le Qatar du plan du 7 octobre et pourquoi avoir gard\u00e9 le silence\u00a0?<\/a><\/h4><div class=\"post-meta-items meta-below\"><span class=\"meta-item date\"><span class=\"date-link\"><time class=\"post-date\" datetime=\"2024-02-23T17:59:47+01:00\">February 23, 2024<\/time><\/span><\/span><\/div><\/div>\t\t\t\n\t\t\t\n\t\t\t\n\t\t<\/div>\n\n\t\n<\/article>\t\n\t\t\t\t\t\n<article class=\"l-post small-post m-pos-right\">\n\n\t\n\t\t\t<div class=\"media\">\n\n\t\t\n\t\t\t<a href=\"https:\/\/thedailyreports.com\/fr\/2024\/02\/22\/nouvelles-conclusions-de-la-ftc-sur-les-violations-des-regles-de-securite-par-la-plateforme-x\/\" class=\"image-link media-ratio ratio-is-custom\" title=\"Nouvelles conclusions de la FTC sur les violations des r\u00e8gles de s\u00e9curit\u00e9 par la plateforme X\"><img loading=\"lazy\" decoding=\"async\" width=\"112\" height=\"102\" src=\"https:\/\/thedailyreports.com\/fr\/wp-content\/uploads\/2024\/02\/elon-sixteen_nine-640x360.jpg\" class=\"attachment-medium size-medium wp-post-image\" alt=\"\" sizes=\"(max-width: 112px) 100vw, 112px\" title=\"Nouvelles conclusions de la FTC sur les violations des r\u00e8gles de s\u00e9curit\u00e9 par la plateforme X\" srcset=\"https:\/\/thedailyreports.com\/fr\/wp-content\/uploads\/2024\/02\/elon-sixteen_nine-640x360.jpg 640w, https:\/\/thedailyreports.com\/fr\/wp-content\/uploads\/2024\/02\/elon-sixteen_nine.jpg 948w\" \/><\/a>\t\t\t\n\t\t\t\n\t\t\t\n\t\t\t\n\t\t\n\t\t<\/div>\n\t\n\n\t\n\t\t<div class=\"content\">\n\n\t\t\t<div class=\"post-meta post-meta-a post-meta-left has-below\"><h4 class=\"is-title post-title limit-lines l-lines-2\"><a href=\"https:\/\/thedailyreports.com\/fr\/2024\/02\/22\/nouvelles-conclusions-de-la-ftc-sur-les-violations-des-regles-de-securite-par-la-plateforme-x\/\">Nouvelles conclusions de la FTC sur les violations des r\u00e8gles de s\u00e9curit\u00e9 par la plateforme X<\/a><\/h4><div class=\"post-meta-items meta-below\"><span class=\"meta-item date\"><span class=\"date-link\"><time class=\"post-date\" datetime=\"2024-02-22T15:54:44+01:00\">February 22, 2024<\/time><\/span><\/span><\/div><\/div>\t\t\t\n\t\t\t\n\t\t\t\n\t\t<\/div>\n\n\t\n<\/article>\t\n\t\t\n\t<\/div>\n\n\t\t\t\t\t<\/div>\n\n\t\t<\/section>\n\t\t\t\t\t\t<\/div>\n\t\t\t\t<\/div>\n\t\t\t\t\t<\/div>\n\t\t<\/div>\n\t\t\t\t\t<\/div>\n\t\t<\/section>\n\t\t\t\t<section class=\"has-el-gap el-gap-default elementor-section elementor-top-section elementor-element elementor-element-503fa684 elementor-section-boxed elementor-section-height-default elementor-section-height-default\" data-id=\"503fa684\" data-element_type=\"section\" data-e-type=\"section\">\n\t\t\t\t\t\t<div class=\"elementor-container elementor-column-gap-no\">\n\t\t\t\t\t<div class=\"elementor-column elementor-col-25 elementor-top-column elementor-element elementor-element-11fb753a\" data-id=\"11fb753a\" data-element_type=\"column\" data-e-type=\"column\">\n\t\t\t<div class=\"elementor-widget-wrap elementor-element-populated\">\n\t\t\t\t\t\t<div class=\"elementor-element elementor-element-65b403a6 elementor-widget elementor-widget-smartmag-grid\" data-id=\"65b403a6\" data-element_type=\"widget\" data-e-type=\"widget\" data-widget_type=\"smartmag-grid.default\">\n\t\t\t\t<div class=\"elementor-widget-container\">\n\t\t\t\t\t\t\t<section class=\"block-wrap block-grid block-sc mb-none\" data-id=\"21\">\n\n\t\t\t\t\t\t\t\t\n\t\t\t\t\t\t\t\n\t\t\t\t<div class=\"block-head block-head-ac block-head-f is-left\">\n\n\t\t\t\t\t<h4 class=\"heading\">Travel<\/h4>\t\t\t\t\t\n\t\t\t\t\t\t\t\t\t<\/div>\n\t\t\t\t\n\t\t\t\n\t\t\t\n\t\t\t<div class=\"block-content\">\n\t\t\t\t\t\n\t<div class=\"loop loop-grid loop-grid-base grid grid-1 md:grid-1 xs:grid-1\">\n\n\t\t\t\t\t\n<article class=\"l-post grid-post grid-base-post\">\n\n\t\n\t\t\t<div class=\"media\">\n\n\t\t\n\t\t\t<a href=\"https:\/\/thedailyreports.com\/fr\/2024\/03\/01\/comment-le-qatar-a-aide-les-houthis-a-devenir-une-menace-pour-toute-la-region-du-moyen-orient\/\" class=\"image-link media-ratio ar-bunyad-grid\" title=\"Comment le Qatar a aid\u00e9 les Houthis \u00e0 devenir une menace pour toute la r\u00e9gion du Moyen-Orient\"><img loading=\"lazy\" decoding=\"async\" width=\"383\" height=\"216\" src=\"https:\/\/thedailyreports.com\/fr\/wp-content\/uploads\/2024\/03\/DQFRAUGIWFD43PYMF7PBOJ27LU-1280x853.jpg\" class=\"attachment-large size-large wp-post-image\" alt=\"\" sizes=\"(max-width: 383px) 100vw, 383px\" title=\"Comment le Qatar a aid\u00e9 les Houthis \u00e0 devenir une menace pour toute la r\u00e9gion du Moyen-Orient\" srcset=\"https:\/\/thedailyreports.com\/fr\/wp-content\/uploads\/2024\/03\/DQFRAUGIWFD43PYMF7PBOJ27LU-1280x853.jpg 1280w, https:\/\/thedailyreports.com\/fr\/wp-content\/uploads\/2024\/03\/DQFRAUGIWFD43PYMF7PBOJ27LU-640x427.jpg 640w\" \/><\/a>\t\t\t\n\t\t\t\n\t\t\t\n\t\t\t\n\t\t\n\t\t<\/div>\n\t\n\n\t\n\t\t<div class=\"content\">\n\n\t\t\t<div class=\"post-meta post-meta-a has-below\"><h2 class=\"is-title post-title limit-lines l-lines-3\"><a href=\"https:\/\/thedailyreports.com\/fr\/2024\/03\/01\/comment-le-qatar-a-aide-les-houthis-a-devenir-une-menace-pour-toute-la-region-du-moyen-orient\/\">Comment le Qatar a aid\u00e9 les Houthis \u00e0 devenir une menace pour toute la r\u00e9gion du Moyen-Orient<\/a><\/h2><div class=\"post-meta-items meta-below\"><span class=\"meta-item post-cat\">\n\t\t\t\t\t\t\n\t\t\t\t\t\t<a href=\"https:\/\/thedailyreports.com\/fr\/category\/analyse-politique\/\" class=\"category term-color-114\" rel=\"category\">Analyse politique<\/a>\n\t\t\t\t\t<\/span>\n\t\t\t\t\t<span class=\"meta-item date\"><span class=\"date-link\"><time class=\"post-date\" datetime=\"2024-03-01T00:22:16+01:00\">March 1, 2024<\/time><\/span><\/span><\/div><\/div>\t\t\t\n\t\t\t\t\t\t\n\t\t\t\t<div class=\"excerpt\">\n\t\t\t\t\t<p>Depuis des mois, la milice Houthi du Y\u00e9men, qui se fait \u00e9galement&hellip;<\/p>\n\t\t\t\t<\/div>\n\t\t\t\n\t\t\t\n\t\t\t\n\t\t<\/div>\n\n\t\n<\/article>\t\t\n\t<\/div>\n\n\t\t\n\t\t\t<\/div>\n\n\t\t<\/section>\n\t\t\t\t\t\t<\/div>\n\t\t\t\t<\/div>\n\t\t\t\t<div class=\"elementor-element elementor-element-28ca0d6b elementor-widget-divider--view-line elementor-widget elementor-widget-divider\" data-id=\"28ca0d6b\" data-element_type=\"widget\" data-e-type=\"widget\" data-widget_type=\"divider.default\">\n\t\t\t\t\t\t\t<div class=\"elementor-divider\">\n\t\t\t<span class=\"elementor-divider-separator\">\n\t\t\t\t\t\t<\/span>\n\t\t<\/div>\n\t\t\t\t\t\t<\/div>\n\t\t\t\t<div class=\"elementor-element elementor-element-6271a478 elementor-widget elementor-widget-smartmag-postslist\" data-id=\"6271a478\" data-element_type=\"widget\" data-e-type=\"widget\" data-widget_type=\"smartmag-postslist.default\">\n\t\t\t\t<div class=\"elementor-widget-container\">\n\t\t\t\t\t\t\t<section class=\"block-wrap block-posts-list block-sc mb-none\" data-id=\"22\">\n\n\t\t\t\t\n\t\t\t<div class=\"block-content\">\n\t\t\t\t\t\n\t<div class=\"loop loop-list loop-sep loop-list-sep grid grid-1 md:grid-1 sm:grid-1\">\n\n\t\t\t\t\n\t\t\t\n<article class=\"l-post list-post list-post-on-sm\">\n\n\t\n\t\n\n\t\n\t\t<div class=\"content\">\n\n\t\t\t<div class=\"post-meta post-meta-a has-below\"><h2 class=\"is-title post-title limit-lines l-lines-2\"><a href=\"https:\/\/thedailyreports.com\/fr\/2024\/02\/28\/liran-compte-se-servir-du-mont-du-temple-pour-provoquer-un-nouvel-embrasement-pendant-le-mois-de-ramadan-selon-israel\/\">L\u2019Iran compte se servir du Mont du Temple pour provoquer un nouvel embrasement pendant le mois de Ramadan, selon Isra\u00ebl<\/a><\/h2><div class=\"post-meta-items meta-below\"><span class=\"meta-item date\"><span class=\"date-link\"><time class=\"post-date\" datetime=\"2024-02-28T20:37:01+01:00\">February 28, 2024<\/time><\/span><\/span><\/div><\/div>\t\t\t\n\t\t\t\n\t\t\t\n\t\t<\/div>\n\n\t\n<\/article>\n\t\t\t\t\n\t\t\t\n<article class=\"l-post list-post list-post-on-sm\">\n\n\t\n\t\n\n\t\n\t\t<div class=\"content\">\n\n\t\t\t<div class=\"post-meta post-meta-a has-below\"><h2 class=\"is-title post-title limit-lines l-lines-2\"><a href=\"https:\/\/thedailyreports.com\/fr\/2024\/02\/27\/iran-des-centaines-dactivistes-civiles-et-politiques-boycottent-les-elections\/\">Iran : des centaines d\u2019activistes civiles et politiques boycottent les \u00e9lections<\/a><\/h2><div class=\"post-meta-items meta-below\"><span class=\"meta-item date\"><span class=\"date-link\"><time class=\"post-date\" datetime=\"2024-02-27T20:30:33+01:00\">February 27, 2024<\/time><\/span><\/span><\/div><\/div>\t\t\t\n\t\t\t\n\t\t\t\n\t\t<\/div>\n\n\t\n<\/article>\n\t\t\t\t\n\t\t\t\n<article class=\"l-post list-post list-post-on-sm\">\n\n\t\n\t\n\n\t\n\t\t<div class=\"content\">\n\n\t\t\t<div class=\"post-meta post-meta-a has-below\"><h2 class=\"is-title post-title limit-lines l-lines-2\"><a href=\"https:\/\/thedailyreports.com\/fr\/2024\/02\/26\/historique-des-relations-entre-liran-et-les-groupes-islamiques-palestiniens\/\">Historique des relations entre l\u2019Iran et les groupes islamiques palestiniens<\/a><\/h2><div class=\"post-meta-items meta-below\"><span class=\"meta-item date\"><span class=\"date-link\"><time class=\"post-date\" datetime=\"2024-02-26T19:44:41+01:00\">February 26, 2024<\/time><\/span><\/span><\/div><\/div>\t\t\t\n\t\t\t\n\t\t\t\n\t\t<\/div>\n\n\t\n<\/article>\n\t\t\n\t<\/div>\n\n\t\t\t\t\t<\/div>\n\n\t\t<\/section>\n\t\t\t\t\t\t<\/div>\n\t\t\t\t<\/div>\n\t\t\t\t\t<\/div>\n\t\t<\/div>\n\t\t\t\t<div class=\"elementor-column elementor-col-25 elementor-top-column elementor-element elementor-element-6be8697 el-col-sep\" data-id=\"6be8697\" data-element_type=\"column\" data-e-type=\"column\">\n\t\t\t<div class=\"elementor-widget-wrap elementor-element-populated\">\n\t\t\t\t\t\t<div class=\"elementor-element elementor-element-646ba2c5 elementor-widget elementor-widget-smartmag-grid\" data-id=\"646ba2c5\" data-element_type=\"widget\" data-e-type=\"widget\" data-widget_type=\"smartmag-grid.default\">\n\t\t\t\t<div class=\"elementor-widget-container\">\n\t\t\t\t\t\t\t<section class=\"block-wrap block-grid block-sc mb-none\" data-id=\"23\">\n\n\t\t\t\t\t\t\t\t\n\t\t\t\t\t\t\t\n\t\t\t\t<div class=\"block-head block-head-ac block-head-f is-left\">\n\n\t\t\t\t\t<h4 class=\"heading\">UK News<\/h4>\t\t\t\t\t\n\t\t\t\t\t\t\t\t\t<\/div>\n\t\t\t\t\n\t\t\t\n\t\t\t\n\t\t\t<div class=\"block-content\">\n\t\t\t\t\t\n\t<div class=\"loop loop-grid loop-grid-base grid grid-1 md:grid-1 xs:grid-1\">\n\n\t\t\t\t\t\n<article class=\"l-post grid-post grid-base-post\">\n\n\t\n\t\t\t<div class=\"media\">\n\n\t\t\n\t\t\t<a href=\"https:\/\/thedailyreports.com\/fr\/2024\/03\/01\/comment-le-qatar-a-aide-les-houthis-a-devenir-une-menace-pour-toute-la-region-du-moyen-orient\/\" class=\"image-link media-ratio ar-bunyad-grid\" title=\"Comment le Qatar a aid\u00e9 les Houthis \u00e0 devenir une menace pour toute la r\u00e9gion du Moyen-Orient\"><img loading=\"lazy\" decoding=\"async\" width=\"383\" height=\"216\" src=\"https:\/\/thedailyreports.com\/fr\/wp-content\/uploads\/2024\/03\/DQFRAUGIWFD43PYMF7PBOJ27LU-1280x853.jpg\" class=\"attachment-large size-large wp-post-image\" alt=\"\" sizes=\"(max-width: 383px) 100vw, 383px\" title=\"Comment le Qatar a aid\u00e9 les Houthis \u00e0 devenir une menace pour toute la r\u00e9gion du Moyen-Orient\" srcset=\"https:\/\/thedailyreports.com\/fr\/wp-content\/uploads\/2024\/03\/DQFRAUGIWFD43PYMF7PBOJ27LU-1280x853.jpg 1280w, https:\/\/thedailyreports.com\/fr\/wp-content\/uploads\/2024\/03\/DQFRAUGIWFD43PYMF7PBOJ27LU-640x427.jpg 640w\" \/><\/a>\t\t\t\n\t\t\t\n\t\t\t\n\t\t\t\n\t\t\n\t\t<\/div>\n\t\n\n\t\n\t\t<div class=\"content\">\n\n\t\t\t<div class=\"post-meta post-meta-a has-below\"><h2 class=\"is-title post-title limit-lines l-lines-3\"><a href=\"https:\/\/thedailyreports.com\/fr\/2024\/03\/01\/comment-le-qatar-a-aide-les-houthis-a-devenir-une-menace-pour-toute-la-region-du-moyen-orient\/\">Comment le Qatar a aid\u00e9 les Houthis \u00e0 devenir une menace pour toute la r\u00e9gion du Moyen-Orient<\/a><\/h2><div class=\"post-meta-items meta-below\"><span class=\"meta-item post-cat\">\n\t\t\t\t\t\t\n\t\t\t\t\t\t<a href=\"https:\/\/thedailyreports.com\/fr\/category\/analyse-politique\/\" class=\"category term-color-114\" rel=\"category\">Analyse politique<\/a>\n\t\t\t\t\t<\/span>\n\t\t\t\t\t<span class=\"meta-item date\"><span class=\"date-link\"><time class=\"post-date\" datetime=\"2024-03-01T00:22:16+01:00\">March 1, 2024<\/time><\/span><\/span><\/div><\/div>\t\t\t\n\t\t\t\t\t\t\n\t\t\t\t<div class=\"excerpt\">\n\t\t\t\t\t<p>Depuis des mois, la milice Houthi du Y\u00e9men, qui se fait \u00e9galement&hellip;<\/p>\n\t\t\t\t<\/div>\n\t\t\t\n\t\t\t\n\t\t\t\n\t\t<\/div>\n\n\t\n<\/article>\t\t\n\t<\/div>\n\n\t\t\n\t\t\t<\/div>\n\n\t\t<\/section>\n\t\t\t\t\t\t<\/div>\n\t\t\t\t<\/div>\n\t\t\t\t<div class=\"elementor-element elementor-element-61c5a91a elementor-widget-divider--view-line elementor-widget elementor-widget-divider\" data-id=\"61c5a91a\" data-element_type=\"widget\" data-e-type=\"widget\" data-widget_type=\"divider.default\">\n\t\t\t\t\t\t\t<div class=\"elementor-divider\">\n\t\t\t<span class=\"elementor-divider-separator\">\n\t\t\t\t\t\t<\/span>\n\t\t<\/div>\n\t\t\t\t\t\t<\/div>\n\t\t\t\t<div class=\"elementor-element elementor-element-6d09937 elementor-widget elementor-widget-smartmag-postslist\" data-id=\"6d09937\" data-element_type=\"widget\" data-e-type=\"widget\" data-widget_type=\"smartmag-postslist.default\">\n\t\t\t\t<div class=\"elementor-widget-container\">\n\t\t\t\t\t\t\t<section class=\"block-wrap block-posts-list block-sc mb-none\" data-id=\"24\">\n\n\t\t\t\t\n\t\t\t<div class=\"block-content\">\n\t\t\t\t\t\n\t<div class=\"loop loop-list loop-sep loop-list-sep grid grid-1 md:grid-1 sm:grid-1\">\n\n\t\t\t\t\n\t\t\t\n<article class=\"l-post list-post list-post-on-sm\">\n\n\t\n\t\n\n\t\n\t\t<div class=\"content\">\n\n\t\t\t<div class=\"post-meta post-meta-a has-below\"><h2 class=\"is-title post-title limit-lines l-lines-2\"><a href=\"https:\/\/thedailyreports.com\/fr\/2024\/02\/28\/liran-compte-se-servir-du-mont-du-temple-pour-provoquer-un-nouvel-embrasement-pendant-le-mois-de-ramadan-selon-israel\/\">L\u2019Iran compte se servir du Mont du Temple pour provoquer un nouvel embrasement pendant le mois de Ramadan, selon Isra\u00ebl<\/a><\/h2><div class=\"post-meta-items meta-below\"><span class=\"meta-item date\"><span class=\"date-link\"><time class=\"post-date\" datetime=\"2024-02-28T20:37:01+01:00\">February 28, 2024<\/time><\/span><\/span><\/div><\/div>\t\t\t\n\t\t\t\n\t\t\t\n\t\t<\/div>\n\n\t\n<\/article>\n\t\t\t\t\n\t\t\t\n<article class=\"l-post list-post list-post-on-sm\">\n\n\t\n\t\n\n\t\n\t\t<div class=\"content\">\n\n\t\t\t<div class=\"post-meta post-meta-a has-below\"><h2 class=\"is-title post-title limit-lines l-lines-2\"><a href=\"https:\/\/thedailyreports.com\/fr\/2024\/02\/27\/iran-des-centaines-dactivistes-civiles-et-politiques-boycottent-les-elections\/\">Iran : des centaines d\u2019activistes civiles et politiques boycottent les \u00e9lections<\/a><\/h2><div class=\"post-meta-items meta-below\"><span class=\"meta-item date\"><span class=\"date-link\"><time class=\"post-date\" datetime=\"2024-02-27T20:30:33+01:00\">February 27, 2024<\/time><\/span><\/span><\/div><\/div>\t\t\t\n\t\t\t\n\t\t\t\n\t\t<\/div>\n\n\t\n<\/article>\n\t\t\t\t\n\t\t\t\n<article class=\"l-post list-post list-post-on-sm\">\n\n\t\n\t\n\n\t\n\t\t<div class=\"content\">\n\n\t\t\t<div class=\"post-meta post-meta-a has-below\"><h2 class=\"is-title post-title limit-lines l-lines-2\"><a href=\"https:\/\/thedailyreports.com\/fr\/2024\/02\/26\/historique-des-relations-entre-liran-et-les-groupes-islamiques-palestiniens\/\">Historique des relations entre l\u2019Iran et les groupes islamiques palestiniens<\/a><\/h2><div class=\"post-meta-items meta-below\"><span class=\"meta-item date\"><span class=\"date-link\"><time class=\"post-date\" datetime=\"2024-02-26T19:44:41+01:00\">February 26, 2024<\/time><\/span><\/span><\/div><\/div>\t\t\t\n\t\t\t\n\t\t\t\n\t\t<\/div>\n\n\t\n<\/article>\n\t\t\n\t<\/div>\n\n\t\t\t\t\t<\/div>\n\n\t\t<\/section>\n\t\t\t\t\t\t<\/div>\n\t\t\t\t<\/div>\n\t\t\t\t\t<\/div>\n\t\t<\/div>\n\t\t\t\t<div class=\"elementor-column elementor-col-25 elementor-top-column elementor-element elementor-element-3d83ed2a el-col-sep\" data-id=\"3d83ed2a\" data-element_type=\"column\" data-e-type=\"column\">\n\t\t\t<div class=\"elementor-widget-wrap elementor-element-populated\">\n\t\t\t\t\t\t<div class=\"elementor-element elementor-element-174a391a elementor-widget elementor-widget-smartmag-grid\" data-id=\"174a391a\" data-element_type=\"widget\" data-e-type=\"widget\" data-widget_type=\"smartmag-grid.default\">\n\t\t\t\t<div class=\"elementor-widget-container\">\n\t\t\t\t\t\t\t<section class=\"block-wrap block-grid block-sc mb-none\" data-id=\"25\">\n\n\t\t\t\t\t\t\t\t\n\t\t\t\t\t\t\t\n\t\t\t\t<div class=\"block-head block-head-ac block-head-f is-left\">\n\n\t\t\t\t\t<h4 class=\"heading\">Science<\/h4>\t\t\t\t\t\n\t\t\t\t\t\t\t\t\t<\/div>\n\t\t\t\t\n\t\t\t\n\t\t\t\n\t\t\t<div class=\"block-content\">\n\t\t\t\t\t\n\t<div class=\"loop loop-grid loop-grid-base grid grid-1 md:grid-1 xs:grid-1\">\n\n\t\t\t\t\t\n<article class=\"l-post grid-post grid-base-post\">\n\n\t\n\t\t\t<div class=\"media\">\n\n\t\t\n\t\t\t<a href=\"https:\/\/thedailyreports.com\/fr\/2024\/03\/01\/comment-le-qatar-a-aide-les-houthis-a-devenir-une-menace-pour-toute-la-region-du-moyen-orient\/\" class=\"image-link media-ratio ar-bunyad-grid\" title=\"Comment le Qatar a aid\u00e9 les Houthis \u00e0 devenir une menace pour toute la r\u00e9gion du Moyen-Orient\"><img loading=\"lazy\" decoding=\"async\" width=\"383\" height=\"216\" src=\"https:\/\/thedailyreports.com\/fr\/wp-content\/uploads\/2024\/03\/DQFRAUGIWFD43PYMF7PBOJ27LU-1280x853.jpg\" class=\"attachment-large size-large wp-post-image\" alt=\"\" sizes=\"(max-width: 383px) 100vw, 383px\" title=\"Comment le Qatar a aid\u00e9 les Houthis \u00e0 devenir une menace pour toute la r\u00e9gion du Moyen-Orient\" srcset=\"https:\/\/thedailyreports.com\/fr\/wp-content\/uploads\/2024\/03\/DQFRAUGIWFD43PYMF7PBOJ27LU-1280x853.jpg 1280w, https:\/\/thedailyreports.com\/fr\/wp-content\/uploads\/2024\/03\/DQFRAUGIWFD43PYMF7PBOJ27LU-640x427.jpg 640w\" \/><\/a>\t\t\t\n\t\t\t\n\t\t\t\n\t\t\t\n\t\t\n\t\t<\/div>\n\t\n\n\t\n\t\t<div class=\"content\">\n\n\t\t\t<div class=\"post-meta post-meta-a has-below\"><h2 class=\"is-title post-title limit-lines l-lines-3\"><a href=\"https:\/\/thedailyreports.com\/fr\/2024\/03\/01\/comment-le-qatar-a-aide-les-houthis-a-devenir-une-menace-pour-toute-la-region-du-moyen-orient\/\">Comment le Qatar a aid\u00e9 les Houthis \u00e0 devenir une menace pour toute la r\u00e9gion du Moyen-Orient<\/a><\/h2><div class=\"post-meta-items meta-below\"><span class=\"meta-item post-cat\">\n\t\t\t\t\t\t\n\t\t\t\t\t\t<a href=\"https:\/\/thedailyreports.com\/fr\/category\/analyse-politique\/\" class=\"category term-color-114\" rel=\"category\">Analyse politique<\/a>\n\t\t\t\t\t<\/span>\n\t\t\t\t\t<span class=\"meta-item date\"><span class=\"date-link\"><time class=\"post-date\" datetime=\"2024-03-01T00:22:16+01:00\">March 1, 2024<\/time><\/span><\/span><\/div><\/div>\t\t\t\n\t\t\t\t\t\t\n\t\t\t\t<div class=\"excerpt\">\n\t\t\t\t\t<p>Depuis des mois, la milice Houthi du Y\u00e9men, qui se fait \u00e9galement&hellip;<\/p>\n\t\t\t\t<\/div>\n\t\t\t\n\t\t\t\n\t\t\t\n\t\t<\/div>\n\n\t\n<\/article>\t\t\n\t<\/div>\n\n\t\t\n\t\t\t<\/div>\n\n\t\t<\/section>\n\t\t\t\t\t\t<\/div>\n\t\t\t\t<\/div>\n\t\t\t\t<div class=\"elementor-element elementor-element-590e5ad4 elementor-widget-divider--view-line elementor-widget elementor-widget-divider\" data-id=\"590e5ad4\" data-element_type=\"widget\" data-e-type=\"widget\" data-widget_type=\"divider.default\">\n\t\t\t\t\t\t\t<div class=\"elementor-divider\">\n\t\t\t<span class=\"elementor-divider-separator\">\n\t\t\t\t\t\t<\/span>\n\t\t<\/div>\n\t\t\t\t\t\t<\/div>\n\t\t\t\t<div class=\"elementor-element elementor-element-18e0d19d elementor-widget elementor-widget-smartmag-postslist\" data-id=\"18e0d19d\" data-element_type=\"widget\" data-e-type=\"widget\" data-widget_type=\"smartmag-postslist.default\">\n\t\t\t\t<div class=\"elementor-widget-container\">\n\t\t\t\t\t\t\t<section class=\"block-wrap block-posts-list block-sc mb-none\" data-id=\"26\">\n\n\t\t\t\t\n\t\t\t<div class=\"block-content\">\n\t\t\t\t\t\n\t<div class=\"loop loop-list loop-sep loop-list-sep grid grid-1 md:grid-1 sm:grid-1\">\n\n\t\t\t\t\n\t\t\t\n<article class=\"l-post list-post list-post-on-sm\">\n\n\t\n\t\n\n\t\n\t\t<div class=\"content\">\n\n\t\t\t<div class=\"post-meta post-meta-a has-below\"><h2 class=\"is-title post-title limit-lines l-lines-2\"><a href=\"https:\/\/thedailyreports.com\/fr\/2024\/02\/28\/liran-compte-se-servir-du-mont-du-temple-pour-provoquer-un-nouvel-embrasement-pendant-le-mois-de-ramadan-selon-israel\/\">L\u2019Iran compte se servir du Mont du Temple pour provoquer un nouvel embrasement pendant le mois de Ramadan, selon Isra\u00ebl<\/a><\/h2><div class=\"post-meta-items meta-below\"><span class=\"meta-item date\"><span class=\"date-link\"><time class=\"post-date\" datetime=\"2024-02-28T20:37:01+01:00\">February 28, 2024<\/time><\/span><\/span><\/div><\/div>\t\t\t\n\t\t\t\n\t\t\t\n\t\t<\/div>\n\n\t\n<\/article>\n\t\t\t\t\n\t\t\t\n<article class=\"l-post list-post list-post-on-sm\">\n\n\t\n\t\n\n\t\n\t\t<div class=\"content\">\n\n\t\t\t<div class=\"post-meta post-meta-a has-below\"><h2 class=\"is-title post-title limit-lines l-lines-2\"><a href=\"https:\/\/thedailyreports.com\/fr\/2024\/02\/27\/iran-des-centaines-dactivistes-civiles-et-politiques-boycottent-les-elections\/\">Iran : des centaines d\u2019activistes civiles et politiques boycottent les \u00e9lections<\/a><\/h2><div class=\"post-meta-items meta-below\"><span class=\"meta-item date\"><span class=\"date-link\"><time class=\"post-date\" datetime=\"2024-02-27T20:30:33+01:00\">February 27, 2024<\/time><\/span><\/span><\/div><\/div>\t\t\t\n\t\t\t\n\t\t\t\n\t\t<\/div>\n\n\t\n<\/article>\n\t\t\t\t\n\t\t\t\n<article class=\"l-post list-post list-post-on-sm\">\n\n\t\n\t\n\n\t\n\t\t<div class=\"content\">\n\n\t\t\t<div class=\"post-meta post-meta-a has-below\"><h2 class=\"is-title post-title limit-lines l-lines-2\"><a href=\"https:\/\/thedailyreports.com\/fr\/2024\/02\/26\/historique-des-relations-entre-liran-et-les-groupes-islamiques-palestiniens\/\">Historique des relations entre l\u2019Iran et les groupes islamiques palestiniens<\/a><\/h2><div class=\"post-meta-items meta-below\"><span class=\"meta-item date\"><span class=\"date-link\"><time class=\"post-date\" datetime=\"2024-02-26T19:44:41+01:00\">February 26, 2024<\/time><\/span><\/span><\/div><\/div>\t\t\t\n\t\t\t\n\t\t\t\n\t\t<\/div>\n\n\t\n<\/article>\n\t\t\n\t<\/div>\n\n\t\t\t\t\t<\/div>\n\n\t\t<\/section>\n\t\t\t\t\t\t<\/div>\n\t\t\t\t<\/div>\n\t\t\t\t\t<\/div>\n\t\t<\/div>\n\t\t\t\t<div class=\"elementor-column elementor-col-25 elementor-top-column elementor-element elementor-element-3b543d2a el-col-sep\" data-id=\"3b543d2a\" data-element_type=\"column\" data-e-type=\"column\">\n\t\t\t<div class=\"elementor-widget-wrap elementor-element-populated\">\n\t\t\t\t\t\t<div class=\"elementor-element elementor-element-b9dbf6a elementor-widget elementor-widget-smartmag-grid\" data-id=\"b9dbf6a\" data-element_type=\"widget\" data-e-type=\"widget\" data-widget_type=\"smartmag-grid.default\">\n\t\t\t\t<div class=\"elementor-widget-container\">\n\t\t\t\t\t\t\t<section class=\"block-wrap block-grid block-sc mb-none\" data-id=\"27\">\n\n\t\t\t\t\t\t\t\t\n\t\t\t\t\t\t\t\n\t\t\t\t<div class=\"block-head block-head-ac block-head-f is-left\">\n\n\t\t\t\t\t<h4 class=\"heading\">Economy<\/h4>\t\t\t\t\t\n\t\t\t\t\t\t\t\t\t<\/div>\n\t\t\t\t\n\t\t\t\n\t\t\t\n\t\t\t<div class=\"block-content\">\n\t\t\t\t\t\n\t<div class=\"loop loop-grid loop-grid-base grid grid-1 md:grid-1 xs:grid-1\">\n\n\t\t\t\t\t\n<article class=\"l-post grid-post grid-base-post\">\n\n\t\n\t\t\t<div class=\"media\">\n\n\t\t\n\t\t\t<a href=\"https:\/\/thedailyreports.com\/fr\/2024\/03\/01\/comment-le-qatar-a-aide-les-houthis-a-devenir-une-menace-pour-toute-la-region-du-moyen-orient\/\" class=\"image-link media-ratio ar-bunyad-grid\" title=\"Comment le Qatar a aid\u00e9 les Houthis \u00e0 devenir une menace pour toute la r\u00e9gion du Moyen-Orient\"><img loading=\"lazy\" decoding=\"async\" width=\"383\" height=\"216\" src=\"https:\/\/thedailyreports.com\/fr\/wp-content\/uploads\/2024\/03\/DQFRAUGIWFD43PYMF7PBOJ27LU-1280x853.jpg\" class=\"attachment-large size-large wp-post-image\" alt=\"\" sizes=\"(max-width: 383px) 100vw, 383px\" title=\"Comment le Qatar a aid\u00e9 les Houthis \u00e0 devenir une menace pour toute la r\u00e9gion du Moyen-Orient\" srcset=\"https:\/\/thedailyreports.com\/fr\/wp-content\/uploads\/2024\/03\/DQFRAUGIWFD43PYMF7PBOJ27LU-1280x853.jpg 1280w, https:\/\/thedailyreports.com\/fr\/wp-content\/uploads\/2024\/03\/DQFRAUGIWFD43PYMF7PBOJ27LU-640x427.jpg 640w\" \/><\/a>\t\t\t\n\t\t\t\n\t\t\t\n\t\t\t\n\t\t\n\t\t<\/div>\n\t\n\n\t\n\t\t<div class=\"content\">\n\n\t\t\t<div class=\"post-meta post-meta-a has-below\"><h2 class=\"is-title post-title limit-lines l-lines-3\"><a href=\"https:\/\/thedailyreports.com\/fr\/2024\/03\/01\/comment-le-qatar-a-aide-les-houthis-a-devenir-une-menace-pour-toute-la-region-du-moyen-orient\/\">Comment le Qatar a aid\u00e9 les Houthis \u00e0 devenir une menace pour toute la r\u00e9gion du Moyen-Orient<\/a><\/h2><div class=\"post-meta-items meta-below\"><span class=\"meta-item post-cat\">\n\t\t\t\t\t\t\n\t\t\t\t\t\t<a href=\"https:\/\/thedailyreports.com\/fr\/category\/analyse-politique\/\" class=\"category term-color-114\" rel=\"category\">Analyse politique<\/a>\n\t\t\t\t\t<\/span>\n\t\t\t\t\t<span class=\"meta-item date\"><span class=\"date-link\"><time class=\"post-date\" datetime=\"2024-03-01T00:22:16+01:00\">March 1, 2024<\/time><\/span><\/span><\/div><\/div>\t\t\t\n\t\t\t\t\t\t\n\t\t\t\t<div class=\"excerpt\">\n\t\t\t\t\t<p>Depuis des mois, la milice Houthi du Y\u00e9men, qui se fait \u00e9galement&hellip;<\/p>\n\t\t\t\t<\/div>\n\t\t\t\n\t\t\t\n\t\t\t\n\t\t<\/div>\n\n\t\n<\/article>\t\t\n\t<\/div>\n\n\t\t\n\t\t\t<\/div>\n\n\t\t<\/section>\n\t\t\t\t\t\t<\/div>\n\t\t\t\t<\/div>\n\t\t\t\t<div class=\"elementor-element elementor-element-4ff18b14 elementor-widget-divider--view-line elementor-widget elementor-widget-divider\" data-id=\"4ff18b14\" data-element_type=\"widget\" data-e-type=\"widget\" data-widget_type=\"divider.default\">\n\t\t\t\t\t\t\t<div class=\"elementor-divider\">\n\t\t\t<span class=\"elementor-divider-separator\">\n\t\t\t\t\t\t<\/span>\n\t\t<\/div>\n\t\t\t\t\t\t<\/div>\n\t\t\t\t<div class=\"elementor-element elementor-element-7f53bbf9 elementor-widget elementor-widget-smartmag-postslist\" data-id=\"7f53bbf9\" data-element_type=\"widget\" data-e-type=\"widget\" data-widget_type=\"smartmag-postslist.default\">\n\t\t\t\t<div class=\"elementor-widget-container\">\n\t\t\t\t\t\t\t<section class=\"block-wrap block-posts-list block-sc mb-none\" data-id=\"28\">\n\n\t\t\t\t\n\t\t\t<div class=\"block-content\">\n\t\t\t\t\t\n\t<div class=\"loop loop-list loop-sep loop-list-sep grid grid-1 md:grid-1 sm:grid-1\">\n\n\t\t\t\t\n\t\t\t\n<article class=\"l-post list-post list-post-on-sm\">\n\n\t\n\t\n\n\t\n\t\t<div class=\"content\">\n\n\t\t\t<div class=\"post-meta post-meta-a has-below\"><h2 class=\"is-title post-title limit-lines l-lines-2\"><a href=\"https:\/\/thedailyreports.com\/fr\/2024\/02\/28\/liran-compte-se-servir-du-mont-du-temple-pour-provoquer-un-nouvel-embrasement-pendant-le-mois-de-ramadan-selon-israel\/\">L\u2019Iran compte se servir du Mont du Temple pour provoquer un nouvel embrasement pendant le mois de Ramadan, selon Isra\u00ebl<\/a><\/h2><div class=\"post-meta-items meta-below\"><span class=\"meta-item date\"><span class=\"date-link\"><time class=\"post-date\" datetime=\"2024-02-28T20:37:01+01:00\">February 28, 2024<\/time><\/span><\/span><\/div><\/div>\t\t\t\n\t\t\t\n\t\t\t\n\t\t<\/div>\n\n\t\n<\/article>\n\t\t\t\t\n\t\t\t\n<article class=\"l-post list-post list-post-on-sm\">\n\n\t\n\t\n\n\t\n\t\t<div class=\"content\">\n\n\t\t\t<div class=\"post-meta post-meta-a has-below\"><h2 class=\"is-title post-title limit-lines l-lines-2\"><a href=\"https:\/\/thedailyreports.com\/fr\/2024\/02\/27\/iran-des-centaines-dactivistes-civiles-et-politiques-boycottent-les-elections\/\">Iran : des centaines d\u2019activistes civiles et politiques boycottent les \u00e9lections<\/a><\/h2><div class=\"post-meta-items meta-below\"><span class=\"meta-item date\"><span class=\"date-link\"><time class=\"post-date\" datetime=\"2024-02-27T20:30:33+01:00\">February 27, 2024<\/time><\/span><\/span><\/div><\/div>\t\t\t\n\t\t\t\n\t\t\t\n\t\t<\/div>\n\n\t\n<\/article>\n\t\t\t\t\n\t\t\t\n<article class=\"l-post list-post list-post-on-sm\">\n\n\t\n\t\n\n\t\n\t\t<div class=\"content\">\n\n\t\t\t<div class=\"post-meta post-meta-a has-below\"><h2 class=\"is-title post-title limit-lines l-lines-2\"><a href=\"https:\/\/thedailyreports.com\/fr\/2024\/02\/26\/historique-des-relations-entre-liran-et-les-groupes-islamiques-palestiniens\/\">Historique des relations entre l\u2019Iran et les groupes islamiques palestiniens<\/a><\/h2><div class=\"post-meta-items meta-below\"><span class=\"meta-item date\"><span class=\"date-link\"><time class=\"post-date\" datetime=\"2024-02-26T19:44:41+01:00\">February 26, 2024<\/time><\/span><\/span><\/div><\/div>\t\t\t\n\t\t\t\n\t\t\t\n\t\t<\/div>\n\n\t\n<\/article>\n\t\t\n\t<\/div>\n\n\t\t\t\t\t<\/div>\n\n\t\t<\/section>\n\t\t\t\t\t\t<\/div>\n\t\t\t\t<\/div>\n\t\t\t\t\t<\/div>\n\t\t<\/div>\n\t\t\t\t\t<\/div>\n\t\t<\/section>\n\t\t\t\t<\/div>\n\t\t","protected":false},"excerpt":{"rendered":"<p>Analyse politique Comment le Qatar a aid\u00e9 les Houthis \u00e0 devenir une menace pour toute la r\u00e9gion du Moyen-Orient Iran L\u2019Iran compte se servir du Mont du Temple pour provoquer un nouvel embrasement pendant le mois de Ramadan, selon Isra\u00ebl Iran Iran : des centaines d\u2019activistes civiles et politiques boycottent les \u00e9lections Analyse politique Historique<\/p>\n","protected":false},"author":5,"featured_media":8600,"parent":0,"menu_order":0,"comment_status":"open","ping_status":"closed","template":"page-templates\/no-wrapper.php","meta":{"footnotes":""},"class_list":["post-7580","page","type-page","status-publish","has-post-thumbnail"],"yoast_head":"<!-- This site is optimized with the Yoast SEO plugin v27.4 - https:\/\/yoast.com\/product\/yoast-seo-wordpress\/ -->\n<title>Les Rapports Quotidiens<\/title>\n<meta name=\"robots\" content=\"index, follow, max-snippet:-1, max-image-preview:large, max-video-preview:-1\" \/>\n<link rel=\"canonical\" href=\"https:\/\/thedailyreports.com\/fr\/\" \/>\n<meta property=\"og:locale\" content=\"en_US\" \/>\n<meta property=\"og:type\" content=\"article\" \/>\n<meta property=\"og:title\" content=\"Les Rapports Quotidiens\" \/>\n<meta property=\"og:description\" content=\"Analyse politique Comment le Qatar a aid\u00e9 les Houthis \u00e0 devenir une menace pour toute la r\u00e9gion du Moyen-Orient Iran L\u2019Iran compte se servir du Mont du Temple pour provoquer un nouvel embrasement pendant le mois de Ramadan, selon Isra\u00ebl Iran Iran : des centaines d\u2019activistes civiles et politiques boycottent les \u00e9lections Analyse politique Historique\" \/>\n<meta property=\"og:url\" content=\"https:\/\/thedailyreports.com\/fr\/\" \/>\n<meta property=\"og:site_name\" content=\"Les Rapports Quotidiens\" \/>\n<meta property=\"article:modified_time\" content=\"2026-02-21T08:04:05+00:00\" \/>\n<meta property=\"og:image\" content=\"https:\/\/thedailyreports.com\/fr\/wp-content\/uploads\/2026\/02\/The-Daily-Reports-Favcion.jpg\" \/>\n\t<meta property=\"og:image:width\" content=\"1000\" \/>\n\t<meta property=\"og:image:height\" content=\"1000\" \/>\n\t<meta property=\"og:image:type\" content=\"image\/jpeg\" \/>\n<meta name=\"twitter:card\" content=\"summary_large_image\" \/>\n<meta name=\"twitter:label1\" content=\"Est. reading time\" \/>\n\t<meta name=\"twitter:data1\" content=\"16 minutes\" \/>\n<script type=\"application\/ld+json\" class=\"yoast-schema-graph\">{\"@context\":\"https:\\\/\\\/schema.org\",\"@graph\":[{\"@type\":\"WebPage\",\"@id\":\"https:\\\/\\\/thedailyreports.com\\\/fr\\\/\",\"url\":\"https:\\\/\\\/thedailyreports.com\\\/fr\\\/\",\"name\":\"Les Rapports Quotidiens\",\"isPartOf\":{\"@id\":\"https:\\\/\\\/thedailyreports.com\\\/fr\\\/#website\"},\"primaryImageOfPage\":{\"@id\":\"https:\\\/\\\/thedailyreports.com\\\/fr\\\/#primaryimage\"},\"image\":{\"@id\":\"https:\\\/\\\/thedailyreports.com\\\/fr\\\/#primaryimage\"},\"thumbnailUrl\":\"https:\\\/\\\/thedailyreports.com\\\/fr\\\/wp-content\\\/uploads\\\/2026\\\/02\\\/The-Daily-Reports-Favcion.jpg\",\"datePublished\":\"2023-04-11T13:43:22+00:00\",\"dateModified\":\"2026-02-21T08:04:05+00:00\",\"breadcrumb\":{\"@id\":\"https:\\\/\\\/thedailyreports.com\\\/fr\\\/#breadcrumb\"},\"inLanguage\":\"en-US\",\"potentialAction\":[{\"@type\":\"ReadAction\",\"target\":[\"https:\\\/\\\/thedailyreports.com\\\/fr\\\/\"]}]},{\"@type\":\"ImageObject\",\"inLanguage\":\"en-US\",\"@id\":\"https:\\\/\\\/thedailyreports.com\\\/fr\\\/#primaryimage\",\"url\":\"https:\\\/\\\/thedailyreports.com\\\/fr\\\/wp-content\\\/uploads\\\/2026\\\/02\\\/The-Daily-Reports-Favcion.jpg\",\"contentUrl\":\"https:\\\/\\\/thedailyreports.com\\\/fr\\\/wp-content\\\/uploads\\\/2026\\\/02\\\/The-Daily-Reports-Favcion.jpg\",\"width\":1000,\"height\":1000,\"caption\":\"The Daily Reports\"},{\"@type\":\"BreadcrumbList\",\"@id\":\"https:\\\/\\\/thedailyreports.com\\\/fr\\\/#breadcrumb\",\"itemListElement\":[{\"@type\":\"ListItem\",\"position\":1,\"name\":\"Home\",\"item\":\"https:\\\/\\\/thedailyreports.com\\\/fr\\\/\"},{\"@type\":\"ListItem\",\"position\":2,\"name\":\"Accueil\"}]},{\"@type\":\"WebSite\",\"@id\":\"https:\\\/\\\/thedailyreports.com\\\/fr\\\/#website\",\"url\":\"https:\\\/\\\/thedailyreports.com\\\/fr\\\/\",\"name\":\"Les Rapports Quotidiens\",\"description\":\"Toute la v\u00e9rit\u00e9, rien que la v\u00e9rit\u00e9\",\"potentialAction\":[{\"@type\":\"SearchAction\",\"target\":{\"@type\":\"EntryPoint\",\"urlTemplate\":\"https:\\\/\\\/thedailyreports.com\\\/fr\\\/?s={search_term_string}\"},\"query-input\":{\"@type\":\"PropertyValueSpecification\",\"valueRequired\":true,\"valueName\":\"search_term_string\"}}],\"inLanguage\":\"en-US\"}]}<\/script>\n<!-- \/ Yoast SEO plugin. -->","yoast_head_json":{"title":"Les Rapports Quotidiens","robots":{"index":"index","follow":"follow","max-snippet":"max-snippet:-1","max-image-preview":"max-image-preview:large","max-video-preview":"max-video-preview:-1"},"canonical":"https:\/\/thedailyreports.com\/fr\/","og_locale":"en_US","og_type":"article","og_title":"Les Rapports Quotidiens","og_description":"Analyse politique Comment le Qatar a aid\u00e9 les Houthis \u00e0 devenir une menace pour toute la r\u00e9gion du Moyen-Orient Iran L\u2019Iran compte se servir du Mont du Temple pour provoquer un nouvel embrasement pendant le mois de Ramadan, selon Isra\u00ebl Iran Iran : des centaines d\u2019activistes civiles et politiques boycottent les \u00e9lections Analyse politique Historique","og_url":"https:\/\/thedailyreports.com\/fr\/","og_site_name":"Les Rapports Quotidiens","article_modified_time":"2026-02-21T08:04:05+00:00","og_image":[{"width":1000,"height":1000,"url":"https:\/\/thedailyreports.com\/fr\/wp-content\/uploads\/2026\/02\/The-Daily-Reports-Favcion.jpg","type":"image\/jpeg"}],"twitter_card":"summary_large_image","twitter_misc":{"Est. reading time":"16 minutes"},"schema":{"@context":"https:\/\/schema.org","@graph":[{"@type":"WebPage","@id":"https:\/\/thedailyreports.com\/fr\/","url":"https:\/\/thedailyreports.com\/fr\/","name":"Les Rapports Quotidiens","isPartOf":{"@id":"https:\/\/thedailyreports.com\/fr\/#website"},"primaryImageOfPage":{"@id":"https:\/\/thedailyreports.com\/fr\/#primaryimage"},"image":{"@id":"https:\/\/thedailyreports.com\/fr\/#primaryimage"},"thumbnailUrl":"https:\/\/thedailyreports.com\/fr\/wp-content\/uploads\/2026\/02\/The-Daily-Reports-Favcion.jpg","datePublished":"2023-04-11T13:43:22+00:00","dateModified":"2026-02-21T08:04:05+00:00","breadcrumb":{"@id":"https:\/\/thedailyreports.com\/fr\/#breadcrumb"},"inLanguage":"en-US","potentialAction":[{"@type":"ReadAction","target":["https:\/\/thedailyreports.com\/fr\/"]}]},{"@type":"ImageObject","inLanguage":"en-US","@id":"https:\/\/thedailyreports.com\/fr\/#primaryimage","url":"https:\/\/thedailyreports.com\/fr\/wp-content\/uploads\/2026\/02\/The-Daily-Reports-Favcion.jpg","contentUrl":"https:\/\/thedailyreports.com\/fr\/wp-content\/uploads\/2026\/02\/The-Daily-Reports-Favcion.jpg","width":1000,"height":1000,"caption":"The Daily Reports"},{"@type":"BreadcrumbList","@id":"https:\/\/thedailyreports.com\/fr\/#breadcrumb","itemListElement":[{"@type":"ListItem","position":1,"name":"Home","item":"https:\/\/thedailyreports.com\/fr\/"},{"@type":"ListItem","position":2,"name":"Accueil"}]},{"@type":"WebSite","@id":"https:\/\/thedailyreports.com\/fr\/#website","url":"https:\/\/thedailyreports.com\/fr\/","name":"Les Rapports Quotidiens","description":"Toute la v\u00e9rit\u00e9, rien que la v\u00e9rit\u00e9","potentialAction":[{"@type":"SearchAction","target":{"@type":"EntryPoint","urlTemplate":"https:\/\/thedailyreports.com\/fr\/?s={search_term_string}"},"query-input":{"@type":"PropertyValueSpecification","valueRequired":true,"valueName":"search_term_string"}}],"inLanguage":"en-US"}]}},"_links":{"self":[{"href":"https:\/\/thedailyreports.com\/fr\/wp-json\/wp\/v2\/pages\/7580","targetHints":{"allow":["GET"]}}],"collection":[{"href":"https:\/\/thedailyreports.com\/fr\/wp-json\/wp\/v2\/pages"}],"about":[{"href":"https:\/\/thedailyreports.com\/fr\/wp-json\/wp\/v2\/types\/page"}],"author":[{"embeddable":true,"href":"https:\/\/thedailyreports.com\/fr\/wp-json\/wp\/v2\/users\/5"}],"replies":[{"embeddable":true,"href":"https:\/\/thedailyreports.com\/fr\/wp-json\/wp\/v2\/comments?post=7580"}],"version-history":[{"count":13,"href":"https:\/\/thedailyreports.com\/fr\/wp-json\/wp\/v2\/pages\/7580\/revisions"}],"predecessor-version":[{"id":8613,"href":"https:\/\/thedailyreports.com\/fr\/wp-json\/wp\/v2\/pages\/7580\/revisions\/8613"}],"wp:featuredmedia":[{"embeddable":true,"href":"https:\/\/thedailyreports.com\/fr\/wp-json\/wp\/v2\/media\/8600"}],"wp:attachment":[{"href":"https:\/\/thedailyreports.com\/fr\/wp-json\/wp\/v2\/media?parent=7580"}],"curies":[{"name":"wp","href":"https:\/\/api.w.org\/{rel}","templated":true}]}}